{"id":2024,"date":"2019-10-25T00:19:12","date_gmt":"2019-10-24T22:19:12","guid":{"rendered":"https:\/\/www.ins-netz.at\/zeit\/?page_id=2024"},"modified":"2025-10-07T17:23:32","modified_gmt":"2025-10-07T15:23:32","slug":"uber-uns","status":"publish","type":"page","link":"https:\/\/www.zeitpolster.com\/li\/uber-uns\/","title":{"rendered":"\u00dcber uns"},"content":{"rendered":"\n<section class=\"wp-block-uagb-section uagb-section__wrap uagb-section__background-image uagb-block-b6ded121\"><div class=\"uagb-section__overlay\"><\/div><div class=\"uagb-section__inner-wrap\">\n<div class=\"wp-block-uagb-advanced-heading uagb-block-6744053c\"><h1 class=\"uagb-heading-text\">\u00dcber uns<\/h1><\/div>\n<\/div><\/section>\n\n\n\n<section class=\"wp-block-uagb-section uagb-section__wrap uagb-section__background-color uagb-block-5d601c17\"><div class=\"uagb-section__overlay\"><\/div><div class=\"uagb-section__inner-wrap\">\n<div class=\"wp-block-uagb-advanced-heading uagb-block-0b0bc987\"><h2 class=\"uagb-heading-text\">Gruppen Ober- und Unterland<\/h2><\/div>\n\n\n\n<p class=\"has-text-align-center has-text-color\" style=\"color:#6c757d\">In jeder Gruppe ist eine Person aus jeder Gemeinde vertreten. Diese sind die Ansprechpersonen vor Ort. Kontaktdaten findet man beim Punkt <a href=\"https:\/\/www.zeitpolster.li\/kontakt\/\">Kontakt<\/a>.<\/p>\n\n\n\n<div class=\"wp-block-genesis-blocks-gb-accordion gb-block-accordion\"><details><summary class=\"gb-accordion-title\">Team Oberland<\/summary><div class=\"gb-accordion-text\">\n<div class=\"wp-block-columns is-layout-flex wp-container-core-columns-is-layout-28f84493 wp-block-columns-is-layout-flex\">\n<div class=\"wp-block-column is-layout-flow wp-block-column-is-layout-flow\" style=\"flex-basis:20%\">\n<figure class=\"wp-block-image size-large is-resized\"><img loading=\"lazy\" decoding=\"async\" width=\"770\" height=\"1024\" src=\"https:\/\/www.zeitpolster.com\/li\/wp-content\/uploads\/sites\/17\/2023\/07\/Haelg-Maria-770x1024.jpg\" alt=\"\" class=\"wp-image-6484\" style=\"width:174px;height:231px\" srcset=\"https:\/\/www.zeitpolster.com\/li\/wp-content\/uploads\/sites\/17\/2023\/07\/Haelg-Maria-770x1024.jpg 770w, https:\/\/www.zeitpolster.com\/li\/wp-content\/uploads\/sites\/17\/2023\/07\/Haelg-Maria-226x300.jpg 226w, https:\/\/www.zeitpolster.com\/li\/wp-content\/uploads\/sites\/17\/2023\/07\/Haelg-Maria-768x1021.jpg 768w, https:\/\/www.zeitpolster.com\/li\/wp-content\/uploads\/sites\/17\/2023\/07\/Haelg-Maria-1155x1536.jpg 1155w, https:\/\/www.zeitpolster.com\/li\/wp-content\/uploads\/sites\/17\/2023\/07\/Haelg-Maria-300x399.jpg 300w, https:\/\/www.zeitpolster.com\/li\/wp-content\/uploads\/sites\/17\/2023\/07\/Haelg-Maria-600x798.jpg 600w, https:\/\/www.zeitpolster.com\/li\/wp-content\/uploads\/sites\/17\/2023\/07\/Haelg-Maria.jpg 1294w\" sizes=\"auto, (max-width: 770px) 100vw, 770px\" \/><\/figure>\n<\/div>\n\n\n\n<div class=\"wp-block-column is-vertically-aligned-bottom is-layout-flow wp-block-column-is-layout-flow\" style=\"flex-basis:66.66%\">\n<p><strong>Maria H\u00e4lg, Schaan<\/strong><\/p>\n\n\n\n<p>Die Verantwortliche f\u00fcr den Mahlzeitendienst Schaan ist im Oberland bestens vernetzt.<\/p>\n<\/div>\n<\/div>\n\n\n\n<div class=\"wp-block-columns is-layout-flex wp-container-core-columns-is-layout-28f84493 wp-block-columns-is-layout-flex\">\n<div class=\"wp-block-column is-layout-flow wp-block-column-is-layout-flow\" style=\"flex-basis:20%\">\n<figure class=\"wp-block-image size-large is-resized\"><img loading=\"lazy\" decoding=\"async\" width=\"683\" height=\"1024\" src=\"https:\/\/www.zeitpolster.com\/li\/wp-content\/uploads\/sites\/17\/2022\/07\/2022-05-19-Verein-Zeitpolster-Team-Oberland-0037-scaled-1-683x1024.jpg\" alt=\"\" class=\"wp-image-5833\" style=\"width:171px;height:256px\" srcset=\"https:\/\/www.zeitpolster.com\/li\/wp-content\/uploads\/sites\/17\/2022\/07\/2022-05-19-Verein-Zeitpolster-Team-Oberland-0037-scaled-1-683x1024.jpg 683w, https:\/\/www.zeitpolster.com\/li\/wp-content\/uploads\/sites\/17\/2022\/07\/2022-05-19-Verein-Zeitpolster-Team-Oberland-0037-scaled-1-200x300.jpg 200w, https:\/\/www.zeitpolster.com\/li\/wp-content\/uploads\/sites\/17\/2022\/07\/2022-05-19-Verein-Zeitpolster-Team-Oberland-0037-scaled-1-768x1152.jpg 768w, https:\/\/www.zeitpolster.com\/li\/wp-content\/uploads\/sites\/17\/2022\/07\/2022-05-19-Verein-Zeitpolster-Team-Oberland-0037-scaled-1-1024x1536.jpg 1024w, https:\/\/www.zeitpolster.com\/li\/wp-content\/uploads\/sites\/17\/2022\/07\/2022-05-19-Verein-Zeitpolster-Team-Oberland-0037-scaled-1-1366x2048.jpg 1366w, https:\/\/www.zeitpolster.com\/li\/wp-content\/uploads\/sites\/17\/2022\/07\/2022-05-19-Verein-Zeitpolster-Team-Oberland-0037-scaled-1-300x450.jpg 300w, https:\/\/www.zeitpolster.com\/li\/wp-content\/uploads\/sites\/17\/2022\/07\/2022-05-19-Verein-Zeitpolster-Team-Oberland-0037-scaled-1-600x900.jpg 600w, https:\/\/www.zeitpolster.com\/li\/wp-content\/uploads\/sites\/17\/2022\/07\/2022-05-19-Verein-Zeitpolster-Team-Oberland-0037-scaled-1.jpg 1707w\" sizes=\"auto, (max-width: 683px) 100vw, 683px\" \/><\/figure>\n<\/div>\n\n\n\n<div class=\"wp-block-column is-vertically-aligned-bottom is-layout-flow wp-block-column-is-layout-flow\" style=\"flex-basis:66.66%\">\n<p><strong>Monika Stahl, Planken<\/strong><\/p>\n\n\n\n<p>Die ehemalige Gemeinder\u00e4tin ist in der Dorfbeiz Planken und der Brockenstube Vaduz aktiv.<\/p>\n<\/div>\n<\/div>\n\n\n\n<div class=\"wp-block-columns is-layout-flex wp-container-core-columns-is-layout-28f84493 wp-block-columns-is-layout-flex\">\n<div class=\"wp-block-column is-layout-flow wp-block-column-is-layout-flow\" style=\"flex-basis:20%\">\n<figure class=\"wp-block-image size-large is-resized\"><img loading=\"lazy\" decoding=\"async\" width=\"683\" height=\"1024\" src=\"https:\/\/www.zeitpolster.com\/li\/wp-content\/uploads\/sites\/17\/2022\/07\/2022-05-19-Verein-Zeitpolster-Team-Oberland-0027-scaled-1-683x1024.jpg\" alt=\"\" class=\"wp-image-5844\" style=\"width:171px;height:256px\" srcset=\"https:\/\/www.zeitpolster.com\/li\/wp-content\/uploads\/sites\/17\/2022\/07\/2022-05-19-Verein-Zeitpolster-Team-Oberland-0027-scaled-1-683x1024.jpg 683w, https:\/\/www.zeitpolster.com\/li\/wp-content\/uploads\/sites\/17\/2022\/07\/2022-05-19-Verein-Zeitpolster-Team-Oberland-0027-scaled-1-200x300.jpg 200w, https:\/\/www.zeitpolster.com\/li\/wp-content\/uploads\/sites\/17\/2022\/07\/2022-05-19-Verein-Zeitpolster-Team-Oberland-0027-scaled-1-768x1152.jpg 768w, https:\/\/www.zeitpolster.com\/li\/wp-content\/uploads\/sites\/17\/2022\/07\/2022-05-19-Verein-Zeitpolster-Team-Oberland-0027-scaled-1-1024x1536.jpg 1024w, https:\/\/www.zeitpolster.com\/li\/wp-content\/uploads\/sites\/17\/2022\/07\/2022-05-19-Verein-Zeitpolster-Team-Oberland-0027-scaled-1-1366x2048.jpg 1366w, https:\/\/www.zeitpolster.com\/li\/wp-content\/uploads\/sites\/17\/2022\/07\/2022-05-19-Verein-Zeitpolster-Team-Oberland-0027-scaled-1-300x450.jpg 300w, https:\/\/www.zeitpolster.com\/li\/wp-content\/uploads\/sites\/17\/2022\/07\/2022-05-19-Verein-Zeitpolster-Team-Oberland-0027-scaled-1-600x900.jpg 600w, https:\/\/www.zeitpolster.com\/li\/wp-content\/uploads\/sites\/17\/2022\/07\/2022-05-19-Verein-Zeitpolster-Team-Oberland-0027-scaled-1.jpg 1707w\" sizes=\"auto, (max-width: 683px) 100vw, 683px\" \/><\/figure>\n<\/div>\n\n\n\n<div class=\"wp-block-column is-vertically-aligned-bottom is-layout-flow wp-block-column-is-layout-flow\" style=\"flex-basis:66.66%\">\n<p><strong><strong>Ir\u00e8ne Ospelt, Vaduz<\/strong><\/strong><\/p>\n\n\n\n<p>Die ehemalige Leiterin der Familienhilfe ist verantwortlich f\u00fcr den Mahlzeitendienst in Vaduz.<\/p>\n<\/div>\n<\/div>\n\n\n\n<div class=\"wp-block-columns is-layout-flex wp-container-core-columns-is-layout-28f84493 wp-block-columns-is-layout-flex\">\n<div class=\"wp-block-column is-layout-flow wp-block-column-is-layout-flow\" style=\"flex-basis:20%\">\n<figure class=\"wp-block-image size-large is-resized\"><img loading=\"lazy\" decoding=\"async\" width=\"683\" height=\"1024\" src=\"https:\/\/www.zeitpolster.com\/li\/wp-content\/uploads\/sites\/17\/2022\/07\/2022-05-19-Verein-Zeitpolster-Team-Oberland-0041-scaled-1-683x1024.jpg\" alt=\"\" class=\"wp-image-5846\" style=\"width:171px;height:256px\" srcset=\"https:\/\/www.zeitpolster.com\/li\/wp-content\/uploads\/sites\/17\/2022\/07\/2022-05-19-Verein-Zeitpolster-Team-Oberland-0041-scaled-1-683x1024.jpg 683w, https:\/\/www.zeitpolster.com\/li\/wp-content\/uploads\/sites\/17\/2022\/07\/2022-05-19-Verein-Zeitpolster-Team-Oberland-0041-scaled-1-200x300.jpg 200w, https:\/\/www.zeitpolster.com\/li\/wp-content\/uploads\/sites\/17\/2022\/07\/2022-05-19-Verein-Zeitpolster-Team-Oberland-0041-scaled-1-768x1152.jpg 768w, https:\/\/www.zeitpolster.com\/li\/wp-content\/uploads\/sites\/17\/2022\/07\/2022-05-19-Verein-Zeitpolster-Team-Oberland-0041-scaled-1-1024x1536.jpg 1024w, https:\/\/www.zeitpolster.com\/li\/wp-content\/uploads\/sites\/17\/2022\/07\/2022-05-19-Verein-Zeitpolster-Team-Oberland-0041-scaled-1-1366x2048.jpg 1366w, https:\/\/www.zeitpolster.com\/li\/wp-content\/uploads\/sites\/17\/2022\/07\/2022-05-19-Verein-Zeitpolster-Team-Oberland-0041-scaled-1-300x450.jpg 300w, https:\/\/www.zeitpolster.com\/li\/wp-content\/uploads\/sites\/17\/2022\/07\/2022-05-19-Verein-Zeitpolster-Team-Oberland-0041-scaled-1-600x900.jpg 600w, https:\/\/www.zeitpolster.com\/li\/wp-content\/uploads\/sites\/17\/2022\/07\/2022-05-19-Verein-Zeitpolster-Team-Oberland-0041-scaled-1.jpg 1707w\" sizes=\"auto, (max-width: 683px) 100vw, 683px\" \/><\/figure>\n<\/div>\n\n\n\n<div class=\"wp-block-column is-vertically-aligned-bottom is-layout-flow wp-block-column-is-layout-flow\" style=\"flex-basis:66.66%\">\n<p><strong>Barbara Welte-Beck, Triesenberg<\/strong><\/p>\n\n\n\n<p>Die aktive Gemeinder\u00e4tin leitet derzeit die Seniorenkommission Triesenberg.<\/p>\n<\/div>\n<\/div>\n\n\n\n<div class=\"wp-block-columns is-layout-flex wp-container-core-columns-is-layout-28f84493 wp-block-columns-is-layout-flex\">\n<div class=\"wp-block-column is-layout-flow wp-block-column-is-layout-flow\" style=\"flex-basis:20%\">\n<figure class=\"wp-block-image size-large is-resized\"><img loading=\"lazy\" decoding=\"async\" width=\"683\" height=\"1024\" src=\"https:\/\/www.zeitpolster.com\/li\/wp-content\/uploads\/sites\/17\/2022\/07\/2022-05-19-Verein-Zeitpolster-Team-Oberland-0010-scaled-1-683x1024.jpg\" alt=\"\" class=\"wp-image-5832\" style=\"width:171px;height:256px\" srcset=\"https:\/\/www.zeitpolster.com\/li\/wp-content\/uploads\/sites\/17\/2022\/07\/2022-05-19-Verein-Zeitpolster-Team-Oberland-0010-scaled-1-683x1024.jpg 683w, https:\/\/www.zeitpolster.com\/li\/wp-content\/uploads\/sites\/17\/2022\/07\/2022-05-19-Verein-Zeitpolster-Team-Oberland-0010-scaled-1-200x300.jpg 200w, https:\/\/www.zeitpolster.com\/li\/wp-content\/uploads\/sites\/17\/2022\/07\/2022-05-19-Verein-Zeitpolster-Team-Oberland-0010-scaled-1-768x1152.jpg 768w, https:\/\/www.zeitpolster.com\/li\/wp-content\/uploads\/sites\/17\/2022\/07\/2022-05-19-Verein-Zeitpolster-Team-Oberland-0010-scaled-1-1024x1536.jpg 1024w, https:\/\/www.zeitpolster.com\/li\/wp-content\/uploads\/sites\/17\/2022\/07\/2022-05-19-Verein-Zeitpolster-Team-Oberland-0010-scaled-1-1366x2048.jpg 1366w, https:\/\/www.zeitpolster.com\/li\/wp-content\/uploads\/sites\/17\/2022\/07\/2022-05-19-Verein-Zeitpolster-Team-Oberland-0010-scaled-1-300x450.jpg 300w, https:\/\/www.zeitpolster.com\/li\/wp-content\/uploads\/sites\/17\/2022\/07\/2022-05-19-Verein-Zeitpolster-Team-Oberland-0010-scaled-1-600x900.jpg 600w, https:\/\/www.zeitpolster.com\/li\/wp-content\/uploads\/sites\/17\/2022\/07\/2022-05-19-Verein-Zeitpolster-Team-Oberland-0010-scaled-1.jpg 1707w\" sizes=\"auto, (max-width: 683px) 100vw, 683px\" \/><\/figure>\n<\/div>\n\n\n\n<div class=\"wp-block-column is-vertically-aligned-bottom is-layout-flow wp-block-column-is-layout-flow\" style=\"flex-basis:66.66%\">\n<p><strong>Inge Schatzmann, Triesen<\/strong><\/p>\n\n\n\n<p>Die langj\u00e4hrige Wirtin des Hotels Schatzmann ist die Leiterin des Teams Oberland.<\/p>\n<\/div>\n<\/div>\n\n\n\n<div class=\"wp-block-columns is-layout-flex wp-container-core-columns-is-layout-28f84493 wp-block-columns-is-layout-flex\">\n<div class=\"wp-block-column is-layout-flow wp-block-column-is-layout-flow\" style=\"flex-basis:20%\">\n<figure class=\"wp-block-image size-large is-resized\"><img loading=\"lazy\" decoding=\"async\" width=\"739\" height=\"1024\" src=\"https:\/\/www.zeitpolster.com\/li\/wp-content\/uploads\/sites\/17\/2024\/04\/Gertrud-Vogt-739x1024.jpg\" alt=\"\" class=\"wp-image-6726\" style=\"width:171px;height:256px\" srcset=\"https:\/\/www.zeitpolster.com\/li\/wp-content\/uploads\/sites\/17\/2024\/04\/Gertrud-Vogt-739x1024.jpg 739w, https:\/\/www.zeitpolster.com\/li\/wp-content\/uploads\/sites\/17\/2024\/04\/Gertrud-Vogt-217x300.jpg 217w, https:\/\/www.zeitpolster.com\/li\/wp-content\/uploads\/sites\/17\/2024\/04\/Gertrud-Vogt-768x1064.jpg 768w, https:\/\/www.zeitpolster.com\/li\/wp-content\/uploads\/sites\/17\/2024\/04\/Gertrud-Vogt-1109x1536.jpg 1109w, https:\/\/www.zeitpolster.com\/li\/wp-content\/uploads\/sites\/17\/2024\/04\/Gertrud-Vogt-1479x2048.jpg 1479w, https:\/\/www.zeitpolster.com\/li\/wp-content\/uploads\/sites\/17\/2024\/04\/Gertrud-Vogt-300x416.jpg 300w, https:\/\/www.zeitpolster.com\/li\/wp-content\/uploads\/sites\/17\/2024\/04\/Gertrud-Vogt-600x831.jpg 600w, https:\/\/www.zeitpolster.com\/li\/wp-content\/uploads\/sites\/17\/2024\/04\/Gertrud-Vogt.jpg 1535w\" sizes=\"auto, (max-width: 739px) 100vw, 739px\" \/><\/figure>\n<\/div>\n\n\n\n<div class=\"wp-block-column is-vertically-aligned-bottom is-layout-flow wp-block-column-is-layout-flow\" style=\"flex-basis:66.66%\">\n<p><strong><strong>Gertrud Vogt, Balzers<\/strong><\/strong><\/p>\n\n\n\n<p>Als ehemalige Kinderg\u00e4rtnerin ist sie in Balzers bestens vernetzt.<\/p>\n<\/div>\n<\/div>\n<\/div><\/details><\/div>\n\n\n\n<div class=\"wp-block-genesis-blocks-gb-accordion gb-block-accordion\"><details><summary class=\"gb-accordion-title\">Team Unterland<\/summary><div class=\"gb-accordion-text\">\n<div class=\"wp-block-columns is-layout-flex wp-container-core-columns-is-layout-28f84493 wp-block-columns-is-layout-flex\">\n<div class=\"wp-block-column is-layout-flow wp-block-column-is-layout-flow\" style=\"flex-basis:20%\">\n<figure class=\"wp-block-image size-full is-resized\"><img loading=\"lazy\" decoding=\"async\" width=\"262\" height=\"343\" src=\"https:\/\/www.zeitpolster.com\/li\/wp-content\/uploads\/sites\/17\/2023\/07\/Thomas-Goop-002.jpg\" alt=\"\" class=\"wp-image-6482\" style=\"width:174px;height:227px\" srcset=\"https:\/\/www.zeitpolster.com\/li\/wp-content\/uploads\/sites\/17\/2023\/07\/Thomas-Goop-002.jpg 262w, https:\/\/www.zeitpolster.com\/li\/wp-content\/uploads\/sites\/17\/2023\/07\/Thomas-Goop-002-229x300.jpg 229w\" sizes=\"auto, (max-width: 262px) 100vw, 262px\" \/><\/figure>\n<\/div>\n\n\n\n<div class=\"wp-block-column is-vertically-aligned-bottom is-layout-flow wp-block-column-is-layout-flow\" style=\"flex-basis:66.66%\">\n<p><strong><strong>Thomas Goop, Schellenberg<\/strong><\/strong><\/p>\n\n\n\n<p>Der ehemalige Primarlehrer ist der Leiter des Teams Unterland<\/p>\n<\/div>\n<\/div>\n\n\n\n<div class=\"wp-block-columns is-layout-flex wp-container-core-columns-is-layout-28f84493 wp-block-columns-is-layout-flex\">\n<div class=\"wp-block-column is-layout-flow wp-block-column-is-layout-flow\" style=\"flex-basis:20%\">\n<figure class=\"wp-block-image size-large is-resized\"><img loading=\"lazy\" decoding=\"async\" width=\"683\" height=\"1024\" src=\"https:\/\/www.zeitpolster.com\/li\/wp-content\/uploads\/sites\/17\/2022\/07\/2022-05-13-Verein-Zeitpolster-Team-Unterland-0051-scaled-1-683x1024.jpg\" alt=\"\" class=\"wp-image-5853\" style=\"width:171px;height:256px\" srcset=\"https:\/\/www.zeitpolster.com\/li\/wp-content\/uploads\/sites\/17\/2022\/07\/2022-05-13-Verein-Zeitpolster-Team-Unterland-0051-scaled-1-683x1024.jpg 683w, https:\/\/www.zeitpolster.com\/li\/wp-content\/uploads\/sites\/17\/2022\/07\/2022-05-13-Verein-Zeitpolster-Team-Unterland-0051-scaled-1-200x300.jpg 200w, https:\/\/www.zeitpolster.com\/li\/wp-content\/uploads\/sites\/17\/2022\/07\/2022-05-13-Verein-Zeitpolster-Team-Unterland-0051-scaled-1-768x1152.jpg 768w, https:\/\/www.zeitpolster.com\/li\/wp-content\/uploads\/sites\/17\/2022\/07\/2022-05-13-Verein-Zeitpolster-Team-Unterland-0051-scaled-1-1024x1536.jpg 1024w, https:\/\/www.zeitpolster.com\/li\/wp-content\/uploads\/sites\/17\/2022\/07\/2022-05-13-Verein-Zeitpolster-Team-Unterland-0051-scaled-1-1366x2048.jpg 1366w, https:\/\/www.zeitpolster.com\/li\/wp-content\/uploads\/sites\/17\/2022\/07\/2022-05-13-Verein-Zeitpolster-Team-Unterland-0051-scaled-1-300x450.jpg 300w, https:\/\/www.zeitpolster.com\/li\/wp-content\/uploads\/sites\/17\/2022\/07\/2022-05-13-Verein-Zeitpolster-Team-Unterland-0051-scaled-1-600x900.jpg 600w, https:\/\/www.zeitpolster.com\/li\/wp-content\/uploads\/sites\/17\/2022\/07\/2022-05-13-Verein-Zeitpolster-Team-Unterland-0051-scaled-1.jpg 1707w\" sizes=\"auto, (max-width: 683px) 100vw, 683px\" \/><\/figure>\n<\/div>\n\n\n\n<div class=\"wp-block-column is-vertically-aligned-bottom is-layout-flow wp-block-column-is-layout-flow\" style=\"flex-basis:66.66%\">\n<p><strong>Martin B\u00fcchel, Ruggell<\/strong><\/p>\n\n\n\n<p>ehemaliger Bauf\u00fchrer, als ehemaliger Gemeinderat und engagiertes FC Ruggell Mitglied kennt er das Unterland. <\/p>\n<\/div>\n<\/div>\n\n\n\n<div class=\"wp-block-columns is-layout-flex wp-container-core-columns-is-layout-28f84493 wp-block-columns-is-layout-flex\">\n<div class=\"wp-block-column is-layout-flow wp-block-column-is-layout-flow\" style=\"flex-basis:20%\">\n<figure class=\"wp-block-image size-full is-resized\"><img loading=\"lazy\" decoding=\"async\" width=\"230\" height=\"325\" src=\"https:\/\/www.zeitpolster.com\/li\/wp-content\/uploads\/sites\/17\/2024\/12\/Cornelia-Maerki.png\" alt=\"\" class=\"wp-image-6816\" style=\"aspect-ratio:0.66796875;width:169px;height:auto\" srcset=\"https:\/\/www.zeitpolster.com\/li\/wp-content\/uploads\/sites\/17\/2024\/12\/Cornelia-Maerki.png 230w, https:\/\/www.zeitpolster.com\/li\/wp-content\/uploads\/sites\/17\/2024\/12\/Cornelia-Maerki-212x300.png 212w\" sizes=\"auto, (max-width: 230px) 100vw, 230px\" \/><\/figure>\n<\/div>\n\n\n\n<div class=\"wp-block-column is-vertically-aligned-bottom is-layout-flow wp-block-column-is-layout-flow\" style=\"flex-basis:66.66%\">\n<p><strong><strong><strong>Cornelia M\u00e4rki, Gamprin<\/strong><\/strong><\/strong><\/p>\n\n\n\n<p>Als fr\u00fchere kaufm\u00e4nnische Angestellt ist sie in administrativen Bereichen fit. Sie ist sei Beginn von Zeitpolster als Helfende aktiv.<\/p>\n<\/div>\n<\/div>\n\n\n\n<div class=\"wp-block-columns is-layout-flex wp-container-core-columns-is-layout-28f84493 wp-block-columns-is-layout-flex\">\n<div class=\"wp-block-column is-layout-flow wp-block-column-is-layout-flow\" style=\"flex-basis:20%\">\n<figure class=\"wp-block-image size-large is-resized\"><img loading=\"lazy\" decoding=\"async\" width=\"683\" height=\"1024\" src=\"https:\/\/www.zeitpolster.com\/li\/wp-content\/uploads\/sites\/17\/2022\/07\/2022-05-13-Verein-Zeitpolster-Team-Unterland-0035-scaled-1-683x1024.jpg\" alt=\"\" class=\"wp-image-5855\" style=\"width:171px;height:256px\" srcset=\"https:\/\/www.zeitpolster.com\/li\/wp-content\/uploads\/sites\/17\/2022\/07\/2022-05-13-Verein-Zeitpolster-Team-Unterland-0035-scaled-1-683x1024.jpg 683w, https:\/\/www.zeitpolster.com\/li\/wp-content\/uploads\/sites\/17\/2022\/07\/2022-05-13-Verein-Zeitpolster-Team-Unterland-0035-scaled-1-200x300.jpg 200w, https:\/\/www.zeitpolster.com\/li\/wp-content\/uploads\/sites\/17\/2022\/07\/2022-05-13-Verein-Zeitpolster-Team-Unterland-0035-scaled-1-768x1152.jpg 768w, https:\/\/www.zeitpolster.com\/li\/wp-content\/uploads\/sites\/17\/2022\/07\/2022-05-13-Verein-Zeitpolster-Team-Unterland-0035-scaled-1-1024x1536.jpg 1024w, https:\/\/www.zeitpolster.com\/li\/wp-content\/uploads\/sites\/17\/2022\/07\/2022-05-13-Verein-Zeitpolster-Team-Unterland-0035-scaled-1-1366x2048.jpg 1366w, https:\/\/www.zeitpolster.com\/li\/wp-content\/uploads\/sites\/17\/2022\/07\/2022-05-13-Verein-Zeitpolster-Team-Unterland-0035-scaled-1-300x450.jpg 300w, https:\/\/www.zeitpolster.com\/li\/wp-content\/uploads\/sites\/17\/2022\/07\/2022-05-13-Verein-Zeitpolster-Team-Unterland-0035-scaled-1-600x900.jpg 600w, https:\/\/www.zeitpolster.com\/li\/wp-content\/uploads\/sites\/17\/2022\/07\/2022-05-13-Verein-Zeitpolster-Team-Unterland-0035-scaled-1.jpg 1707w\" sizes=\"auto, (max-width: 683px) 100vw, 683px\" \/><\/figure>\n<\/div>\n\n\n\n<div class=\"wp-block-column is-vertically-aligned-bottom is-layout-flow wp-block-column-is-layout-flow\" style=\"flex-basis:66.66%\">\n<p><strong><strong>Helen Goop, Eschen<\/strong><\/strong><\/p>\n\n\n\n<p>Allrounderin, in versch. Gemeinde- und Landeskommissionen aktiv, Hobbywinzerin<\/p>\n<\/div>\n<\/div>\n\n\n\n<div class=\"wp-block-columns is-layout-flex wp-container-core-columns-is-layout-28f84493 wp-block-columns-is-layout-flex\">\n<div class=\"wp-block-column is-layout-flow wp-block-column-is-layout-flow\" style=\"flex-basis:20%\">\n<figure class=\"wp-block-image size-large is-resized\"><img loading=\"lazy\" decoding=\"async\" width=\"683\" height=\"1024\" src=\"https:\/\/www.zeitpolster.com\/li\/wp-content\/uploads\/sites\/17\/2022\/07\/2022-05-13-Verein-Zeitpolster-Team-Unterland-0014-scaled-1-683x1024.jpg\" alt=\"\" class=\"wp-image-5856\" style=\"width:171px;height:256px\" srcset=\"https:\/\/www.zeitpolster.com\/li\/wp-content\/uploads\/sites\/17\/2022\/07\/2022-05-13-Verein-Zeitpolster-Team-Unterland-0014-scaled-1-683x1024.jpg 683w, https:\/\/www.zeitpolster.com\/li\/wp-content\/uploads\/sites\/17\/2022\/07\/2022-05-13-Verein-Zeitpolster-Team-Unterland-0014-scaled-1-200x300.jpg 200w, https:\/\/www.zeitpolster.com\/li\/wp-content\/uploads\/sites\/17\/2022\/07\/2022-05-13-Verein-Zeitpolster-Team-Unterland-0014-scaled-1-768x1152.jpg 768w, https:\/\/www.zeitpolster.com\/li\/wp-content\/uploads\/sites\/17\/2022\/07\/2022-05-13-Verein-Zeitpolster-Team-Unterland-0014-scaled-1-1024x1536.jpg 1024w, https:\/\/www.zeitpolster.com\/li\/wp-content\/uploads\/sites\/17\/2022\/07\/2022-05-13-Verein-Zeitpolster-Team-Unterland-0014-scaled-1-1366x2048.jpg 1366w, https:\/\/www.zeitpolster.com\/li\/wp-content\/uploads\/sites\/17\/2022\/07\/2022-05-13-Verein-Zeitpolster-Team-Unterland-0014-scaled-1-300x450.jpg 300w, https:\/\/www.zeitpolster.com\/li\/wp-content\/uploads\/sites\/17\/2022\/07\/2022-05-13-Verein-Zeitpolster-Team-Unterland-0014-scaled-1-600x900.jpg 600w, https:\/\/www.zeitpolster.com\/li\/wp-content\/uploads\/sites\/17\/2022\/07\/2022-05-13-Verein-Zeitpolster-Team-Unterland-0014-scaled-1.jpg 1707w\" sizes=\"auto, (max-width: 683px) 100vw, 683px\" \/><\/figure>\n<\/div>\n\n\n\n<div class=\"wp-block-column is-vertically-aligned-bottom is-layout-flow wp-block-column-is-layout-flow\" style=\"flex-basis:66.66%\">\n<p><strong><strong>Marina Kieber, Mauren<\/strong><\/strong><\/p>\n\n\n\n<p>langj\u00e4hrige Pr\u00e4sidentin der Caritas Liechtenstein, viele Jahre Erfahrung im p\u00e4dagogischen Bereich und als Katechetin<\/p>\n<\/div>\n<\/div>\n<\/div><\/details><\/div>\n<\/div><\/section>\n\n\n\n<section class=\"wp-block-uagb-section uagb-section__wrap uagb-section__background-undefined uagb-block-58c574ca\"><div class=\"uagb-section__overlay\"><\/div><div class=\"uagb-section__inner-wrap\">\n<div class=\"wp-block-uagb-advanced-heading uagb-block-70be997a\"><h2 class=\"uagb-heading-text\">Vorstand und Gesch\u00e4ftsf\u00fchrung<\/h2><\/div>\n\n\n\n<p class=\"has-text-align-center has-text-color\" style=\"color:#6c757d\">Der Vorstand setzt sich aus sechs Personen zusammen. F\u00fcr ihre T\u00e4tigkeit erhalten die Vorstandsmitglieder wie alle Helfenden eine Zeitgutschrift.<\/p>\n\n\n\n<div class=\"wp-block-genesis-blocks-gb-accordion gb-block-accordion\"><details><summary class=\"gb-accordion-title\">Pr\u00e4sident<\/summary><div class=\"gb-accordion-text\">\n<div class=\"wp-block-columns is-layout-flex wp-container-core-columns-is-layout-28f84493 wp-block-columns-is-layout-flex\">\n<div class=\"wp-block-column is-layout-flow wp-block-column-is-layout-flow\" style=\"flex-basis:20%\">\n<figure class=\"wp-block-image size-full\"><img loading=\"lazy\" decoding=\"async\" width=\"136\" height=\"201\" src=\"https:\/\/www.zeitpolster.com\/li\/wp-content\/uploads\/sites\/17\/2022\/07\/Ewald-Ospelt-1.jpg\" alt=\"\" class=\"wp-image-5861\" \/><\/figure>\n<\/div>\n\n\n\n<div class=\"wp-block-column is-vertically-aligned-bottom is-layout-flow wp-block-column-is-layout-flow\" style=\"flex-basis:66.66%\">\n<p><strong><strong>Ewald Ospelt<\/strong><\/strong><\/p>\n\n\n\n<p>Ehemaliger B\u00fcrgermeister von Vaduz<\/p>\n<\/div>\n<\/div>\n<\/div><\/details><\/div>\n\n\n\n<div class=\"wp-block-genesis-blocks-gb-accordion gb-block-accordion\"><details><summary class=\"gb-accordion-title\">Vorstandsmitglieder<\/summary><div class=\"gb-accordion-text\">\n<div class=\"wp-block-columns is-layout-flex wp-container-core-columns-is-layout-28f84493 wp-block-columns-is-layout-flex\">\n<div class=\"wp-block-column is-layout-flow wp-block-column-is-layout-flow\" style=\"flex-basis:20%\">\n<figure class=\"wp-block-image size-full is-resized\"><img loading=\"lazy\" decoding=\"async\" width=\"152\" height=\"200\" src=\"https:\/\/www.zeitpolster.com\/li\/wp-content\/uploads\/sites\/17\/2022\/07\/Violanda-Lanter.jpg\" alt=\"\" class=\"wp-image-5862\" style=\"width:145px;height:auto\" \/><\/figure>\n<\/div>\n\n\n\n<div class=\"wp-block-column is-vertically-aligned-bottom is-layout-flow wp-block-column-is-layout-flow\" style=\"flex-basis:66.66%\">\n<p><strong><strong>Violanda Lanter<\/strong><\/strong><\/p>\n\n\n\n<p>Juristin, Alt-Landtagsabgeordnete<\/p>\n<\/div>\n<\/div>\n\n\n\n<div class=\"wp-block-columns is-layout-flex wp-container-core-columns-is-layout-28f84493 wp-block-columns-is-layout-flex\">\n<div class=\"wp-block-column is-layout-flow wp-block-column-is-layout-flow\" style=\"flex-basis:20%\">\n<figure class=\"wp-block-image size-full\"><img loading=\"lazy\" decoding=\"async\" width=\"146\" height=\"195\" src=\"https:\/\/www.zeitpolster.com\/li\/wp-content\/uploads\/sites\/17\/2022\/07\/Petra-Meier.jpg\" alt=\"\" class=\"wp-image-5863\" \/><\/figure>\n<\/div>\n\n\n\n<div class=\"wp-block-column is-vertically-aligned-bottom is-layout-flow wp-block-column-is-layout-flow\" style=\"flex-basis:66.66%\">\n<p><strong><strong><strong>Petra Meier<\/strong><\/strong><\/strong><\/p>\n\n\n\n<p>Finanzbuchhalterin, Vorstandsmitglied Verein Lebenshilfe Balzers<\/p>\n<\/div>\n<\/div>\n\n\n\n<div class=\"wp-block-columns is-layout-flex wp-container-core-columns-is-layout-28f84493 wp-block-columns-is-layout-flex\">\n<div class=\"wp-block-column is-layout-flow wp-block-column-is-layout-flow\" style=\"flex-basis:20%\">\n<figure class=\"wp-block-image size-full is-resized\"><img loading=\"lazy\" decoding=\"async\" width=\"302\" height=\"350\" src=\"https:\/\/www.zeitpolster.com\/li\/wp-content\/uploads\/sites\/17\/2024\/04\/Hansjoerg-Buechdl.jpg\" alt=\"\" class=\"wp-image-6698\" style=\"width:145px;height:auto\" srcset=\"https:\/\/www.zeitpolster.com\/li\/wp-content\/uploads\/sites\/17\/2024\/04\/Hansjoerg-Buechdl.jpg 302w, https:\/\/www.zeitpolster.com\/li\/wp-content\/uploads\/sites\/17\/2024\/04\/Hansjoerg-Buechdl-259x300.jpg 259w, https:\/\/www.zeitpolster.com\/li\/wp-content\/uploads\/sites\/17\/2024\/04\/Hansjoerg-Buechdl-300x348.jpg 300w\" sizes=\"auto, (max-width: 302px) 100vw, 302px\" \/><\/figure>\n<\/div>\n\n\n\n<div class=\"wp-block-column is-vertically-aligned-bottom is-layout-flow wp-block-column-is-layout-flow\" style=\"flex-basis:66.66%\">\n<p><strong><strong>Hansj\u00f6rg B\u00fcchel<\/strong><\/strong><\/p>\n\n\n\n<p>Ehemaliger Vorsteher der Gemeinde Balzers<\/p>\n<\/div>\n<\/div>\n\n\n\n<div class=\"wp-block-columns is-layout-flex wp-container-core-columns-is-layout-28f84493 wp-block-columns-is-layout-flex\">\n<div class=\"wp-block-column is-layout-flow wp-block-column-is-layout-flow\" style=\"flex-basis:20%\">\n<figure class=\"wp-block-image size-full\"><img loading=\"lazy\" decoding=\"async\" width=\"145\" height=\"199\" src=\"https:\/\/www.zeitpolster.com\/li\/wp-content\/uploads\/sites\/17\/2022\/07\/Doris-Quaderer.jpg\" alt=\"\" class=\"wp-image-5865\" \/><\/figure>\n<\/div>\n\n\n\n<div class=\"wp-block-column is-vertically-aligned-bottom is-layout-flow wp-block-column-is-layout-flow\" style=\"flex-basis:66.66%\">\n<p><strong><strong>Doris Quaderer<\/strong><\/strong><\/p>\n\n\n\n<p>Kommunikationsfachfrau, Projektleiterin Stiftung Lebenswertes Liechtenstein<\/p>\n<\/div>\n<\/div>\n\n\n\n<div class=\"wp-block-columns is-layout-flex wp-container-core-columns-is-layout-28f84493 wp-block-columns-is-layout-flex\">\n<div class=\"wp-block-column is-layout-flow wp-block-column-is-layout-flow\" style=\"flex-basis:20%\">\n<figure class=\"wp-block-image size-full is-resized\"><img loading=\"lazy\" decoding=\"async\" width=\"230\" height=\"285\" src=\"https:\/\/www.zeitpolster.com\/li\/wp-content\/uploads\/sites\/17\/2024\/04\/Florin-Konrad.jpg\" alt=\"\" class=\"wp-image-6699\" style=\"width:145px;height:auto\" \/><\/figure>\n<\/div>\n\n\n\n<div class=\"wp-block-column is-vertically-aligned-bottom is-layout-flow wp-block-column-is-layout-flow\" style=\"flex-basis:66.66%\">\n<p><strong><strong><strong>Florin Konrad<\/strong><\/strong><\/strong><\/p>\n\n\n\n<p>Mitarbeiter der Liecht. Regierung<\/p>\n<\/div>\n<\/div>\n<\/div><\/details><\/div>\n\n\n\n<div class=\"wp-block-genesis-blocks-gb-accordion gb-block-accordion\"><details><summary class=\"gb-accordion-title\">Gesch\u00e4ftsf\u00fchrung<\/summary><div class=\"gb-accordion-text\">\n<div class=\"wp-block-columns is-layout-flex wp-container-core-columns-is-layout-28f84493 wp-block-columns-is-layout-flex\">\n<div class=\"wp-block-column is-layout-flow wp-block-column-is-layout-flow\" style=\"flex-basis:20%\">\n<figure class=\"wp-block-image size-full\"><img loading=\"lazy\" decoding=\"async\" width=\"462\" height=\"352\" src=\"https:\/\/www.zeitpolster.com\/li\/wp-content\/uploads\/sites\/17\/2022\/07\/Foto-8488-zugeschnitten.png\" alt=\"\" class=\"wp-image-5869\" srcset=\"https:\/\/www.zeitpolster.com\/li\/wp-content\/uploads\/sites\/17\/2022\/07\/Foto-8488-zugeschnitten.png 462w, https:\/\/www.zeitpolster.com\/li\/wp-content\/uploads\/sites\/17\/2022\/07\/Foto-8488-zugeschnitten-300x229.png 300w\" sizes=\"auto, (max-width: 462px) 100vw, 462px\" \/><\/figure>\n<\/div>\n\n\n\n<div class=\"wp-block-column is-vertically-aligned-bottom is-layout-flow wp-block-column-is-layout-flow\" style=\"flex-basis:66.66%\">\n<p><strong><strong><strong>Judith Oehri<\/strong><\/strong><\/strong><\/p>\n\n\n\n<p>Psychologin und Betriebswirtschafterin, Alt-Landtagsabgeordnete und ehemalige Gemeinder\u00e4tin<\/p>\n<\/div>\n<\/div>\n<\/div><\/details><\/div>\n<\/div><\/section>\n\n\n\n<section class=\"wp-block-uagb-section uagb-section__wrap uagb-section__background-color uagb-block-007aa1bb\"><div class=\"uagb-section__overlay\"><\/div><div class=\"uagb-section__inner-wrap\">\n<div class=\"wp-block-uagb-advanced-heading uagb-block-8331a759\"><h2 class=\"uagb-heading-text\">Entstehung von Zeitpolster in Liechtenstein<\/h2><\/div>\n\n\n\n<div style=\"height:50px\" aria-hidden=\"true\" class=\"wp-block-spacer\"><\/div>\n\n\n\n<p>Der in Ruggell ans\u00e4ssige Think-Tank kam in einem Fokuspapier zum Thema \u201eFachkr\u00e4fte und Freiwillige \u2013 wer pflegt und betreut uns im Alter?\u201c zum Schluss, dass k\u00fcnftig aufgrund des demografischen Wandels massiv mehr Fachkr\u00e4fte und Freiwillige f\u00fcr die Betreuung und Pflege alter Menschen n\u00f6tig sein werden. Um diese L\u00fccke zu f\u00fcllen, hat die Stiftung Zukunft.li die Gr\u00fcndung des Vereins Zeitvorsorge Liechtenstein initiiert und mit Gernot Jochum-M\u00fcller, dem Entwickler des Modelles \u201eZeitpolster\u201c in \u00d6sterreich, einen idealen Kooperationspartner gefunden. Der Verein finanziert sich l\u00e4ngerfristig selber und soll unabh\u00e4ngig vom Staat agieren.<\/p>\n\n\n\n<p style=\"font-size:22px\">Um diese Selbstfinanzierung zu erreichen, braucht es entsprechend Aufbauarbeit, in welcher der Verein noch keine Einnahmen generiert. Diese Aufbauphase soll \u00fcber private Sponsoren finanziert werden. Die Stiftung Lebenswertes Liechtenstein unterst\u00fctzt das Projekt Zeitpolster.<\/p>\n\n\n\n<p style=\"font-size:22px\">In Liechtenstein werden zwei Teams aufgebaut: Team Oberland und Team Unterland.<\/p>\n\n\n\n<figure class=\"wp-block-image size-medium\"><img loading=\"lazy\" decoding=\"async\" width=\"300\" height=\"225\" src=\"https:\/\/www.zeitpolster.com\/li\/wp-content\/uploads\/sites\/17\/2022\/07\/IMG_4541-scaled-1-300x225.jpg\" alt=\"\" class=\"wp-image-5827\" srcset=\"https:\/\/www.zeitpolster.com\/li\/wp-content\/uploads\/sites\/17\/2022\/07\/IMG_4541-scaled-1-300x225.jpg 300w, https:\/\/www.zeitpolster.com\/li\/wp-content\/uploads\/sites\/17\/2022\/07\/IMG_4541-scaled-1-1024x768.jpg 1024w, https:\/\/www.zeitpolster.com\/li\/wp-content\/uploads\/sites\/17\/2022\/07\/IMG_4541-scaled-1-768x576.jpg 768w, https:\/\/www.zeitpolster.com\/li\/wp-content\/uploads\/sites\/17\/2022\/07\/IMG_4541-scaled-1-1536x1152.jpg 1536w, https:\/\/www.zeitpolster.com\/li\/wp-content\/uploads\/sites\/17\/2022\/07\/IMG_4541-scaled-1-2048x1536.jpg 2048w, https:\/\/www.zeitpolster.com\/li\/wp-content\/uploads\/sites\/17\/2022\/07\/IMG_4541-scaled-1-600x450.jpg 600w\" sizes=\"auto, (max-width: 300px) 100vw, 300px\" \/><figcaption class=\"wp-element-caption\"><strong>Gr\u00fcndungsversammlung vom 10. Januar 2020<\/strong><\/figcaption><\/figure>\n\n\n\n<p style=\"font-size:22px\">Gernot Jochum, Zeitpolster GmbH, Peter Beck und Thomas Lorenz, Stiftung Zukunft.li, Petra Meier, Doris Quaderer, Ewald Ospelt, Violanda Lanter, Donath Oehri, Vorstandsmitglieder und Judith Oehri, Gesch\u00e4ftsf\u00fchrung statt. An dieser Sitzung wurden auch die <a href=\"https:\/\/www.zeitpolster.li\/wp-content\/uploads\/2020\/03\/2019-12-17_Vereinsstatuten-Zeitvorsorge_final.pdf\">Vereinsstatuten<\/a> verabschiedet.<\/p>\n<\/div><\/section>\n\n\n\n<section class=\"wp-block-uagb-columns uagb-columns__wrap uagb-columns__background-none uagb-columns__stack-mobile uagb-columns__valign- uagb-columns__gap-10 alignfull uagb-block-e90af858 uagb-columns__columns-3 uagb-columns__max_width-custom\"><div class=\"uagb-columns__overlay\"><\/div><div class=\"uagb-columns__inner-wrap uagb-columns__columns-3\">\n<div class=\"wp-block-uagb-column uagb-column__wrap uagb-column__background-undefined uagb-block-2264b1be\"><div class=\"uagb-column__overlay\"><\/div>\n<p><\/p>\n<\/div>\n\n\n\n<div class=\"wp-block-uagb-column uagb-column__wrap uagb-column__background-undefined uagb-block-d55e0e23\"><div class=\"uagb-column__overlay\"><\/div>\n<div style=\"height:20px\" aria-hidden=\"true\" class=\"wp-block-spacer\"><\/div>\n\n\n\n<div class=\"wp-block-uagb-advanced-heading uagb-block-6582806f\"><h2 class=\"uagb-heading-text\">Wir machen m\u00f6glich,<br>was fr\u00fcher selbstverst\u00e4ndlich war <\/h2><\/div>\n\n\n\n<div style=\"height:50px\" aria-hidden=\"true\" class=\"wp-block-spacer\"><\/div>\n\n\n\n<p style=\"font-size:22px\">Wer heute anderen hilft, sorgt f\u00fcr sein eigenes Morgen vor. <\/p>\n\n\n\n<p style=\"font-size:22px\">\u201eZeitpolster\u201c ist ein ganz besonderes Betreuungs- und Vorsorgemodell. Wer anderen hilft, bekommt kein Geld, aber eine Zeitgutschrift, die im Alter gegen Betreuung eingel\u00f6st werden kann. <\/p>\n\n\n\n<p style=\"font-size:22px\">Mit unserem Social-Business-Modell l\u00f6sen wir ein brennendes gesellschaftliches Problem auf unternehmerische Art und Weise. \u00dcbersch\u00fcsse werden reinvestiert.<\/p>\n\n\n\n<p style=\"font-size:22px\">Wir k\u00fcmmern uns um jene, die es brauchen!<\/p>\n\n\n\n<p style=\"font-size:22px\">Ihr Gernot Jochum-M\u00fcller<br>Gr\u00fcnder von Zeitpolster<\/p>\n<\/div>\n\n\n\n<div class=\"wp-block-uagb-column uagb-column__wrap uagb-column__background-image uagb-block-f6fdc878\"><div class=\"uagb-column__overlay\"><\/div>\n<div style=\"height:500px\" aria-hidden=\"true\" class=\"wp-block-spacer\"><\/div>\n<\/div>\n<\/div><\/section>\n\n\n\n<section class=\"wp-block-uagb-section uagb-section__wrap uagb-section__background-color uagb-block-e759e09b\"><div class=\"uagb-section__overlay\"><\/div><div class=\"uagb-section__inner-wrap\">\n<div class=\"wp-block-uagb-icon-list uagb-block-a4cac491 uagb-icon-list__outer-wrap uagb-icon-list__layout-horizontal uagb-icon-list__no-label\"><div class=\"uagb-icon-list__wrap\">\n<div class=\"wp-block-uagb-icon-list-child uagb-block-e6d9d09a\"><span class=\"uagb-icon-list__source-wrap\"><\/span><span class=\"uagb-icon-list__label\">List item<\/span><\/div>\n\n\n\n<div class=\"wp-block-uagb-icon-list-child uagb-block-10a2c317\"><span class=\"uagb-icon-list__source-wrap\"><\/span><span class=\"uagb-icon-list__label\">List item<\/span><\/div>\n\n\n\n<div class=\"wp-block-uagb-icon-list-child uagb-block-31fbdb1a\"><span class=\"uagb-icon-list__source-wrap\"><\/span><span class=\"uagb-icon-list__label\">List item<\/span><\/div>\n<\/div><\/div>\n\n\n\n<div style=\"height:50px\" aria-hidden=\"true\" class=\"wp-block-spacer\"><\/div>\n\n\n\n<div class=\"wp-block-uagb-advanced-heading uagb-block-32c391b4\"><h2 class=\"uagb-heading-text\">Gesch\u00e4ftsstelle <\/h2><\/div>\n\n\n\n<div style=\"text-align:center\"><a href=\"tel:00423 794 48 55\"><h1>00423 794 48 55<\/h1><\/a><\/div>\n<\/div><\/section>\n\n\n\n<section class=\"wp-block-uagb-columns uagb-columns__wrap uagb-columns__background-none uagb-columns__stack-mobile uagb-columns__valign- uagb-columns__gap-10 align uagb-block-4f565017 uagb-columns__columns-3 uagb-columns__max_width-theme\"><div class=\"uagb-columns__overlay\"><\/div><div class=\"uagb-columns__inner-wrap uagb-columns__columns-3\">\n<div class=\"wp-block-uagb-column uagb-column__wrap uagb-column__background-undefined uagb-block-c37a3aef\"><div class=\"uagb-column__overlay\"><\/div>\n<p><\/p>\n<\/div>\n\n\n\n<div class=\"wp-block-uagb-column uagb-column__wrap uagb-column__background-undefined uagb-block-40d1d4be\"><div class=\"uagb-column__overlay\"><\/div>\n<figure class=\"wp-block-image aligncenter\"><img loading=\"lazy\" decoding=\"async\" width=\"361\" height=\"192\" src=\"https:\/\/www.zeitpolster.com\/li\/wp-content\/uploads\/sites\/17\/2019\/10\/logo_green-2.png\" alt=\"\" class=\"wp-image-32\" srcset=\"https:\/\/www.zeitpolster.com\/li\/wp-content\/uploads\/sites\/17\/2019\/10\/logo_green-2.png 361w, https:\/\/www.zeitpolster.com\/li\/wp-content\/uploads\/sites\/17\/2019\/10\/logo_green-2-300x160.png 300w, https:\/\/www.zeitpolster.com\/li\/wp-content\/uploads\/sites\/17\/2019\/10\/logo_green-2-140x74.png 140w\" sizes=\"auto, (max-width: 361px) 100vw, 361px\" \/><\/figure>\n\n\n\n<p class=\"has-text-align-center\" style=\"font-size:22px\">Die Zeits\u00e4ule f\u00fcr die Altersvorsorge<\/p>\n\n\n\n<div style=\"height:20px\" aria-hidden=\"true\" class=\"wp-block-spacer\"><\/div>\n\n\n\n<div class=\"wp-block-uagb-icon-list uagb-block-810f8d47 uagb-icon-list__outer-wrap uagb-icon-list__layout-horizontal uagb-icon-list__no-label\" id=\"uagb-icon-list-6b30ef57-10c0-4bd7-a03e-44c9e005973e\"><div class=\"uagb-icon-list__wrap\">\n<div class=\"wp-block-uagb-icon-list-child uagb-block-2753080d\"><span class=\"uagb-icon-list__source-wrap\"><\/span><span class=\"uagb-icon-list__label\">List item<\/span><\/div>\n\n\n\n<div class=\"wp-block-uagb-icon-list-child uagb-block-468d8f79\"><span class=\"uagb-icon-list__source-wrap\"><\/span><span class=\"uagb-icon-list__label\">List item<\/span><\/div>\n<\/div><\/div>\n<\/div>\n\n\n\n<div class=\"wp-block-uagb-column uagb-column__wrap uagb-column__background-undefined uagb-block-82c4c3da\"><div class=\"uagb-column__overlay\"><\/div>\n<p><\/p>\n<\/div>\n<\/div><\/section>\n","protected":false},"excerpt":{"rendered":"<p>Wir machen m\u00f6glich,was fr\u00fcher selbstverst\u00e4ndlich war Wer heute anderen hilft, sorgt f\u00fcr sein eigenes Morgen vor. \u201eZeitpolster\u201c ist ein ganz besonderes Betreuungs- und Vorsorgemodell. Wer anderen hilft, bekommt kein Geld, aber eine Zeitgutschrift, die im Alter gegen Betreuung eingel\u00f6st werden kann. Mit unserem Social-Business-Modell l\u00f6sen wir ein brennendes gesellschaftliches Problem auf unternehmerische Art und Weise. [&hellip;]<\/p>\n","protected":false},"author":1,"featured_media":6723,"parent":0,"menu_order":0,"comment_status":"closed","ping_status":"closed","template":"","meta":{"_bbp_topic_count":0,"_bbp_reply_count":0,"_bbp_total_topic_count":0,"_bbp_total_reply_count":0,"_bbp_voice_count":0,"_bbp_anonymous_reply_count":0,"_bbp_topic_count_hidden":0,"_bbp_reply_count_hidden":0,"_bbp_forum_subforum_count":0,"_uag_custom_page_level_css":"","site-sidebar-layout":"no-sidebar","site-content-layout":"page-builder","ast-site-content-layout":"full-width-container","site-content-style":"unboxed","site-sidebar-style":"unboxed","ast-global-header-display":"","ast-banner-title-visibility":"","ast-main-header-display":"","ast-hfb-above-header-display":"","ast-hfb-below-header-display":"","ast-hfb-mobile-header-display":"","site-post-title":"disabled","ast-breadcrumbs-content":"","ast-featured-img":"disabled","footer-sml-layout":"","ast-disable-related-posts":"","theme-transparent-header-meta":"disabled","adv-header-id-meta":"","stick-header-meta":"","header-above-stick-meta":"","header-main-stick-meta":"","header-below-stick-meta":"","astra-migrate-meta-layouts":"set","ast-page-background-enabled":"default","ast-page-background-meta":{"desktop":{"background-color":"","background-image":"","background-repeat":"repeat","background-position":"center center","background-size":"auto","background-attachment":"scroll","background-type":"","background-media":"","overlay-type":"","overlay-color":"","overlay-opacity":"","overlay-gradient":""},"tablet":{"background-color":"","background-image":"","background-repeat":"repeat","background-position":"center center","background-size":"auto","background-attachment":"scroll","background-type":"","background-media":"","overlay-type":"","overlay-color":"","overlay-opacity":"","overlay-gradient":""},"mobile":{"background-color":"","background-image":"","background-repeat":"repeat","background-position":"center center","background-size":"auto","background-attachment":"scroll","background-type":"","background-media":"","overlay-type":"","overlay-color":"","overlay-opacity":"","overlay-gradient":""}},"ast-content-background-meta":{"desktop":{"background-color":"var(--ast-global-color-5)","background-image":"","background-repeat":"repeat","background-position":"center center","background-size":"auto","background-attachment":"scroll","background-type":"","background-media":"","overlay-type":"","overlay-color":"","overlay-opacity":"","overlay-gradient":""},"tablet":{"background-color":"var(--ast-global-color-5)","background-image":"","background-repeat":"repeat","background-position":"center center","background-size":"auto","background-attachment":"scroll","background-type":"","background-media":"","overlay-type":"","overlay-color":"","overlay-opacity":"","overlay-gradient":""},"mobile":{"background-color":"var(--ast-global-color-5)","background-image":"","background-repeat":"repeat","background-position":"center center","background-size":"auto","background-attachment":"scroll","background-type":"","background-media":"","overlay-type":"","overlay-color":"","overlay-opacity":"","overlay-gradient":""}},"footnotes":""},"class_list":["post-2024","page","type-page","status-publish","has-post-thumbnail","hentry"],"yoast_head":"<!-- This site is optimized with the Yoast SEO plugin v27.5 - https:\/\/yoast.com\/product\/yoast-seo-wordpress\/ -->\n<title>\u00dcber uns - Zeitpolster Liechtenstein<\/title>\n<meta name=\"description\" content=\"Informieren Sie sich \u00fcber die Idee hinter Zeitpolster und was das Social-Business-Modell f\u00fcr unsere Gesesllschaft bewirken wird.\" \/>\n<meta name=\"robots\" content=\"index, follow, max-snippet:-1, max-image-preview:large, max-video-preview:-1\" \/>\n<link rel=\"canonical\" href=\"https:\/\/www.zeitpolster.com\/li\/uber-uns\/\" \/>\n<meta property=\"og:locale\" content=\"de_DE\" \/>\n<meta property=\"og:type\" content=\"article\" \/>\n<meta property=\"og:title\" content=\"\u00dcber uns - Zeitpolster Liechtenstein\" \/>\n<meta property=\"og:description\" content=\"Informieren Sie sich \u00fcber die Idee hinter Zeitpolster und was das Social-Business-Modell f\u00fcr unsere Gesesllschaft bewirken wird.\" \/>\n<meta property=\"og:url\" content=\"https:\/\/www.zeitpolster.com\/li\/uber-uns\/\" \/>\n<meta property=\"og:site_name\" content=\"Zeitpolster Liechtenstein\" \/>\n<meta property=\"article:modified_time\" content=\"2025-10-07T15:23:32+00:00\" \/>\n<meta property=\"og:image\" content=\"https:\/\/www.zeitpolster.com\/li\/wp-content\/uploads\/sites\/17\/2024\/04\/Vorstand-und-GF-geschnitten.png\" \/>\n\t<meta property=\"og:image:width\" content=\"857\" \/>\n\t<meta property=\"og:image:height\" content=\"321\" \/>\n\t<meta property=\"og:image:type\" content=\"image\/png\" \/>\n<meta name=\"twitter:card\" content=\"summary_large_image\" \/>\n<meta name=\"twitter:label1\" content=\"Gesch\u00e4tzte Lesezeit\" \/>\n\t<meta name=\"twitter:data1\" content=\"8\u00a0Minuten\" \/>\n<script type=\"application\/ld+json\" class=\"yoast-schema-graph\">{\"@context\":\"https:\\\/\\\/schema.org\",\"@graph\":[{\"@type\":\"WebPage\",\"@id\":\"https:\\\/\\\/www.zeitpolster.com\\\/li\\\/uber-uns\\\/\",\"url\":\"https:\\\/\\\/www.zeitpolster.com\\\/li\\\/uber-uns\\\/\",\"name\":\"\u00dcber uns - Zeitpolster Liechtenstein\",\"isPartOf\":{\"@id\":\"https:\\\/\\\/www.zeitpolster.com\\\/li\\\/#website\"},\"primaryImageOfPage\":{\"@id\":\"https:\\\/\\\/www.zeitpolster.com\\\/li\\\/uber-uns\\\/#primaryimage\"},\"image\":{\"@id\":\"https:\\\/\\\/www.zeitpolster.com\\\/li\\\/uber-uns\\\/#primaryimage\"},\"thumbnailUrl\":\"https:\\\/\\\/www.zeitpolster.com\\\/li\\\/wp-content\\\/uploads\\\/sites\\\/17\\\/2024\\\/04\\\/Vorstand-und-GF-geschnitten.png\",\"datePublished\":\"2019-10-24T22:19:12+00:00\",\"dateModified\":\"2025-10-07T15:23:32+00:00\",\"description\":\"Informieren Sie sich \u00fcber die Idee hinter Zeitpolster und was das Social-Business-Modell f\u00fcr unsere Gesesllschaft bewirken wird.\",\"breadcrumb\":{\"@id\":\"https:\\\/\\\/www.zeitpolster.com\\\/li\\\/uber-uns\\\/#breadcrumb\"},\"inLanguage\":\"de\",\"potentialAction\":[{\"@type\":\"ReadAction\",\"target\":[\"https:\\\/\\\/www.zeitpolster.com\\\/li\\\/uber-uns\\\/\"]}]},{\"@type\":\"ImageObject\",\"inLanguage\":\"de\",\"@id\":\"https:\\\/\\\/www.zeitpolster.com\\\/li\\\/uber-uns\\\/#primaryimage\",\"url\":\"https:\\\/\\\/www.zeitpolster.com\\\/li\\\/wp-content\\\/uploads\\\/sites\\\/17\\\/2024\\\/04\\\/Vorstand-und-GF-geschnitten.png\",\"contentUrl\":\"https:\\\/\\\/www.zeitpolster.com\\\/li\\\/wp-content\\\/uploads\\\/sites\\\/17\\\/2024\\\/04\\\/Vorstand-und-GF-geschnitten.png\",\"width\":857,\"height\":321},{\"@type\":\"BreadcrumbList\",\"@id\":\"https:\\\/\\\/www.zeitpolster.com\\\/li\\\/uber-uns\\\/#breadcrumb\",\"itemListElement\":[{\"@type\":\"ListItem\",\"position\":1,\"name\":\"Startseite\",\"item\":\"https:\\\/\\\/www.zeitpolster.com\\\/li\\\/\"},{\"@type\":\"ListItem\",\"position\":2,\"name\":\"\u00dcber uns\"}]},{\"@type\":\"WebSite\",\"@id\":\"https:\\\/\\\/www.zeitpolster.com\\\/li\\\/#website\",\"url\":\"https:\\\/\\\/www.zeitpolster.com\\\/li\\\/\",\"name\":\"Zeitpolster Liechtenstein\",\"description\":\"Verein f\u00fcr Zeitvorsorge\",\"publisher\":{\"@id\":\"https:\\\/\\\/www.zeitpolster.com\\\/li\\\/#organization\"},\"potentialAction\":[{\"@type\":\"SearchAction\",\"target\":{\"@type\":\"EntryPoint\",\"urlTemplate\":\"https:\\\/\\\/www.zeitpolster.com\\\/li\\\/?s={search_term_string}\"},\"query-input\":{\"@type\":\"PropertyValueSpecification\",\"valueRequired\":true,\"valueName\":\"search_term_string\"}}],\"inLanguage\":\"de\"},{\"@type\":\"Organization\",\"@id\":\"https:\\\/\\\/www.zeitpolster.com\\\/li\\\/#organization\",\"name\":\"Zeitpolster Liechtenstein\",\"url\":\"https:\\\/\\\/www.zeitpolster.com\\\/li\\\/\",\"logo\":{\"@type\":\"ImageObject\",\"inLanguage\":\"de\",\"@id\":\"https:\\\/\\\/www.zeitpolster.com\\\/li\\\/#\\\/schema\\\/logo\\\/image\\\/\",\"url\":\"https:\\\/\\\/www.zeitpolster.com\\\/li\\\/wp-content\\\/uploads\\\/sites\\\/17\\\/2019\\\/10\\\/logo_green-2.png\",\"contentUrl\":\"https:\\\/\\\/www.zeitpolster.com\\\/li\\\/wp-content\\\/uploads\\\/sites\\\/17\\\/2019\\\/10\\\/logo_green-2.png\",\"width\":361,\"height\":192,\"caption\":\"Zeitpolster Liechtenstein\"},\"image\":{\"@id\":\"https:\\\/\\\/www.zeitpolster.com\\\/li\\\/#\\\/schema\\\/logo\\\/image\\\/\"}}]}<\/script>\n<!-- \/ Yoast SEO plugin. -->","yoast_head_json":{"title":"\u00dcber uns - Zeitpolster Liechtenstein","description":"Informieren Sie sich \u00fcber die Idee hinter Zeitpolster und was das Social-Business-Modell f\u00fcr unsere Gesesllschaft bewirken wird.","robots":{"index":"index","follow":"follow","max-snippet":"max-snippet:-1","max-image-preview":"max-image-preview:large","max-video-preview":"max-video-preview:-1"},"canonical":"https:\/\/www.zeitpolster.com\/li\/uber-uns\/","og_locale":"de_DE","og_type":"article","og_title":"\u00dcber uns - Zeitpolster Liechtenstein","og_description":"Informieren Sie sich \u00fcber die Idee hinter Zeitpolster und was das Social-Business-Modell f\u00fcr unsere Gesesllschaft bewirken wird.","og_url":"https:\/\/www.zeitpolster.com\/li\/uber-uns\/","og_site_name":"Zeitpolster Liechtenstein","article_modified_time":"2025-10-07T15:23:32+00:00","og_image":[{"width":857,"height":321,"url":"https:\/\/www.zeitpolster.com\/li\/wp-content\/uploads\/sites\/17\/2024\/04\/Vorstand-und-GF-geschnitten.png","type":"image\/png"}],"twitter_card":"summary_large_image","twitter_misc":{"Gesch\u00e4tzte Lesezeit":"8\u00a0Minuten"},"schema":{"@context":"https:\/\/schema.org","@graph":[{"@type":"WebPage","@id":"https:\/\/www.zeitpolster.com\/li\/uber-uns\/","url":"https:\/\/www.zeitpolster.com\/li\/uber-uns\/","name":"\u00dcber uns - Zeitpolster Liechtenstein","isPartOf":{"@id":"https:\/\/www.zeitpolster.com\/li\/#website"},"primaryImageOfPage":{"@id":"https:\/\/www.zeitpolster.com\/li\/uber-uns\/#primaryimage"},"image":{"@id":"https:\/\/www.zeitpolster.com\/li\/uber-uns\/#primaryimage"},"thumbnailUrl":"https:\/\/www.zeitpolster.com\/li\/wp-content\/uploads\/sites\/17\/2024\/04\/Vorstand-und-GF-geschnitten.png","datePublished":"2019-10-24T22:19:12+00:00","dateModified":"2025-10-07T15:23:32+00:00","description":"Informieren Sie sich \u00fcber die Idee hinter Zeitpolster und was das Social-Business-Modell f\u00fcr unsere Gesesllschaft bewirken wird.","breadcrumb":{"@id":"https:\/\/www.zeitpolster.com\/li\/uber-uns\/#breadcrumb"},"inLanguage":"de","potentialAction":[{"@type":"ReadAction","target":["https:\/\/www.zeitpolster.com\/li\/uber-uns\/"]}]},{"@type":"ImageObject","inLanguage":"de","@id":"https:\/\/www.zeitpolster.com\/li\/uber-uns\/#primaryimage","url":"https:\/\/www.zeitpolster.com\/li\/wp-content\/uploads\/sites\/17\/2024\/04\/Vorstand-und-GF-geschnitten.png","contentUrl":"https:\/\/www.zeitpolster.com\/li\/wp-content\/uploads\/sites\/17\/2024\/04\/Vorstand-und-GF-geschnitten.png","width":857,"height":321},{"@type":"BreadcrumbList","@id":"https:\/\/www.zeitpolster.com\/li\/uber-uns\/#breadcrumb","itemListElement":[{"@type":"ListItem","position":1,"name":"Startseite","item":"https:\/\/www.zeitpolster.com\/li\/"},{"@type":"ListItem","position":2,"name":"\u00dcber uns"}]},{"@type":"WebSite","@id":"https:\/\/www.zeitpolster.com\/li\/#website","url":"https:\/\/www.zeitpolster.com\/li\/","name":"Zeitpolster Liechtenstein","description":"Verein f\u00fcr Zeitvorsorge","publisher":{"@id":"https:\/\/www.zeitpolster.com\/li\/#organization"},"potentialAction":[{"@type":"SearchAction","target":{"@type":"EntryPoint","urlTemplate":"https:\/\/www.zeitpolster.com\/li\/?s={search_term_string}"},"query-input":{"@type":"PropertyValueSpecification","valueRequired":true,"valueName":"search_term_string"}}],"inLanguage":"de"},{"@type":"Organization","@id":"https:\/\/www.zeitpolster.com\/li\/#organization","name":"Zeitpolster Liechtenstein","url":"https:\/\/www.zeitpolster.com\/li\/","logo":{"@type":"ImageObject","inLanguage":"de","@id":"https:\/\/www.zeitpolster.com\/li\/#\/schema\/logo\/image\/","url":"https:\/\/www.zeitpolster.com\/li\/wp-content\/uploads\/sites\/17\/2019\/10\/logo_green-2.png","contentUrl":"https:\/\/www.zeitpolster.com\/li\/wp-content\/uploads\/sites\/17\/2019\/10\/logo_green-2.png","width":361,"height":192,"caption":"Zeitpolster Liechtenstein"},"image":{"@id":"https:\/\/www.zeitpolster.com\/li\/#\/schema\/logo\/image\/"}}]}},"featured_image_src":"https:\/\/www.zeitpolster.com\/li\/wp-content\/uploads\/sites\/17\/2024\/04\/Vorstand-und-GF-geschnitten-600x321.png","featured_image_src_square":"https:\/\/www.zeitpolster.com\/li\/wp-content\/uploads\/sites\/17\/2024\/04\/Vorstand-und-GF-geschnitten-600x321.png","uagb_featured_image_src":{"full":["https:\/\/www.zeitpolster.com\/li\/wp-content\/uploads\/sites\/17\/2024\/04\/Vorstand-und-GF-geschnitten.png",857,321,false],"thumbnail":["https:\/\/www.zeitpolster.com\/li\/wp-content\/uploads\/sites\/17\/2024\/04\/Vorstand-und-GF-geschnitten-150x150.png",150,150,true],"medium":["https:\/\/www.zeitpolster.com\/li\/wp-content\/uploads\/sites\/17\/2024\/04\/Vorstand-und-GF-geschnitten-300x112.png",300,112,true],"medium_large":["https:\/\/www.zeitpolster.com\/li\/wp-content\/uploads\/sites\/17\/2024\/04\/Vorstand-und-GF-geschnitten-768x288.png",768,288,true],"large":["https:\/\/www.zeitpolster.com\/li\/wp-content\/uploads\/sites\/17\/2024\/04\/Vorstand-und-GF-geschnitten.png",857,321,false],"1536x1536":["https:\/\/www.zeitpolster.com\/li\/wp-content\/uploads\/sites\/17\/2024\/04\/Vorstand-und-GF-geschnitten.png",857,321,false],"2048x2048":["https:\/\/www.zeitpolster.com\/li\/wp-content\/uploads\/sites\/17\/2024\/04\/Vorstand-und-GF-geschnitten.png",857,321,false],"gb-block-post-grid-landscape":["https:\/\/www.zeitpolster.com\/li\/wp-content\/uploads\/sites\/17\/2024\/04\/Vorstand-und-GF-geschnitten-600x321.png",600,321,true],"gb-block-post-grid-square":["https:\/\/www.zeitpolster.com\/li\/wp-content\/uploads\/sites\/17\/2024\/04\/Vorstand-und-GF-geschnitten-600x321.png",600,321,true],"woocommerce_thumbnail":["https:\/\/www.zeitpolster.com\/li\/wp-content\/uploads\/sites\/17\/2024\/04\/Vorstand-und-GF-geschnitten-300x112.png",300,112,true],"woocommerce_single":["https:\/\/www.zeitpolster.com\/li\/wp-content\/uploads\/sites\/17\/2024\/04\/Vorstand-und-GF-geschnitten-600x225.png",600,225,true],"woocommerce_gallery_thumbnail":["https:\/\/www.zeitpolster.com\/li\/wp-content\/uploads\/sites\/17\/2024\/04\/Vorstand-und-GF-geschnitten-100x100.png",100,100,true]},"uagb_author_info":{"display_name":"wordpressadmin","author_link":"https:\/\/www.zeitpolster.com\/li\/author\/wordpressadmin\/"},"uagb_comment_info":0,"uagb_excerpt":"Wir machen m\u00f6glich,was fr\u00fcher selbstverst\u00e4ndlich war Wer heute anderen hilft, sorgt f\u00fcr sein eigenes Morgen vor. \u201eZeitpolster\u201c ist ein ganz besonderes Betreuungs- und Vorsorgemodell. Wer anderen hilft, bekommt kein Geld, aber eine Zeitgutschrift, die im Alter gegen Betreuung eingel\u00f6st werden kann. Mit unserem Social-Business-Modell l\u00f6sen wir ein brennendes gesellschaftliches Problem auf unternehmerische Art und Weise.&hellip;","_links":{"self":[{"href":"https:\/\/www.zeitpolster.com\/li\/wp-json\/wp\/v2\/pages\/2024","targetHints":{"allow":["GET"]}}],"collection":[{"href":"https:\/\/www.zeitpolster.com\/li\/wp-json\/wp\/v2\/pages"}],"about":[{"href":"https:\/\/www.zeitpolster.com\/li\/wp-json\/wp\/v2\/types\/page"}],"author":[{"embeddable":true,"href":"https:\/\/www.zeitpolster.com\/li\/wp-json\/wp\/v2\/users\/1"}],"replies":[{"embeddable":true,"href":"https:\/\/www.zeitpolster.com\/li\/wp-json\/wp\/v2\/comments?post=2024"}],"version-history":[{"count":10,"href":"https:\/\/www.zeitpolster.com\/li\/wp-json\/wp\/v2\/pages\/2024\/revisions"}],"predecessor-version":[{"id":6968,"href":"https:\/\/www.zeitpolster.com\/li\/wp-json\/wp\/v2\/pages\/2024\/revisions\/6968"}],"wp:featuredmedia":[{"embeddable":true,"href":"https:\/\/www.zeitpolster.com\/li\/wp-json\/wp\/v2\/media\/6723"}],"wp:attachment":[{"href":"https:\/\/www.zeitpolster.com\/li\/wp-json\/wp\/v2\/media?parent=2024"}],"curies":[{"name":"wp","href":"https:\/\/api.w.org\/{rel}","templated":true}]}}