{"version":"1.0","provider_name":"Zeitpolster Liechtenstein","provider_url":"https:\/\/www.zeitpolster.com\/li","author_name":"judith oehri","author_url":"https:\/\/www.zeitpolster.com\/li\/author\/judith-oehri\/","title":"Wechsel beim Team Oberland - Zeitpolster Liechtenstein","type":"rich","width":600,"height":338,"html":"<blockquote class=\"wp-embedded-content\" data-secret=\"ERYI2GXhhz\"><a href=\"https:\/\/www.zeitpolster.com\/li\/wechsel-beim-team-oberland\/\">Wechsel beim Team Oberland<\/a><\/blockquote><iframe sandbox=\"allow-scripts\" security=\"restricted\" src=\"https:\/\/www.zeitpolster.com\/li\/wechsel-beim-team-oberland\/embed\/#?secret=ERYI2GXhhz\" width=\"600\" height=\"338\" title=\"&#8222;Wechsel beim Team Oberland&#8220; &#8211; Zeitpolster Liechtenstein\" data-secret=\"ERYI2GXhhz\" frameborder=\"0\" marginwidth=\"0\" marginheight=\"0\" scrolling=\"no\" class=\"wp-embedded-content\"><\/iframe><script>\n\/*! This file is auto-generated *\/\n!function(d,l){\"use strict\";l.querySelector&&d.addEventListener&&\"undefined\"!=typeof URL&&(d.wp=d.wp||{},d.wp.receiveEmbedMessage||(d.wp.receiveEmbedMessage=function(e){var t=e.data;if((t||t.secret||t.message||t.value)&&!\/[^a-zA-Z0-9]\/.test(t.secret)){for(var s,r,n,a=l.querySelectorAll('iframe[data-secret=\"'+t.secret+'\"]'),o=l.querySelectorAll('blockquote[data-secret=\"'+t.secret+'\"]'),c=new RegExp(\"^https?:$\",\"i\"),i=0;i<o.length;i++)o[i].style.display=\"none\";for(i=0;i<a.length;i++)s=a[i],e.source===s.contentWindow&&(s.removeAttribute(\"style\"),\"height\"===t.message?(1e3<(r=parseInt(t.value,10))?r=1e3:~~r<200&&(r=200),s.height=r):\"link\"===t.message&&(r=new URL(s.getAttribute(\"src\")),n=new URL(t.value),c.test(n.protocol))&&n.host===r.host&&l.activeElement===s&&(d.top.location.href=t.value))}},d.addEventListener(\"message\",d.wp.receiveEmbedMessage,!1),l.addEventListener(\"DOMContentLoaded\",function(){for(var e,t,s=l.querySelectorAll(\"iframe.wp-embedded-content\"),r=0;r<s.length;r++)(t=(e=s[r]).getAttribute(\"data-secret\"))||(t=Math.random().toString(36).substring(2,12),e.src+=\"#?secret=\"+t,e.setAttribute(\"data-secret\",t)),e.contentWindow.postMessage({message:\"ready\",secret:t},\"*\")},!1)))}(window,document);\n\/\/# sourceURL=https:\/\/www.zeitpolster.com\/li\/wp-includes\/js\/wp-embed.min.js\n<\/script>\n","thumbnail_url":"https:\/\/www.zeitpolster.com\/li\/wp-content\/uploads\/sites\/17\/2023\/08\/Gertrud-Silke.jpg","thumbnail_width":410,"thumbnail_height":248,"description":"Am 1. September 2023 \u00fcbernimmt Gertrud Vogt die Aufgaben von Silke Wohlwend in Balzers. Silke war von Beginn an bei Zeitpolster mit dabei und massgeblich am Aufbau des Netzwerkes in Balzers beteiligt. Durch ihre T\u00e4tigkeit bei der Lebenshilfe Balzers kennt sie die Bed\u00fcrfnisse der \u00e4lteren Menschen. Da sie auch Pr\u00e4sidentin von Demenz.li ist, konnten wir [&hellip;]"}