{"id":1310,"date":"2019-04-24T11:05:22","date_gmt":"2019-04-24T11:05:22","guid":{"rendered":"https:\/\/websitedemos.net\/travel-07\/?page_id=2"},"modified":"2022-09-06T11:54:08","modified_gmt":"2022-09-06T09:54:08","slug":"home","status":"publish","type":"page","link":"https:\/\/www.zeitpolster.com\/it\/","title":{"rendered":"Iniziale"},"content":{"rendered":"\n<section class=\"wp-block-uagb-columns uagb-columns__wrap uagb-columns__background-image uagb-columns__stack-mobile uagb-columns__valign- uagb-columns__gap-10 alignfull uagb-block-a2127b67 uagb-columns__columns-1 uagb-columns__max_width-theme\"><div class=\"uagb-columns__overlay\"><\/div><div class=\"uagb-columns__inner-wrap uagb-columns__columns-1\">\n<div class=\"wp-block-uagb-column uagb-column__wrap uagb-column__background-undefined uagb-block-41f957be\"><div class=\"uagb-column__overlay\"><\/div>\n<div class=\"wp-block-uagb-info-box uagb-block-d8171e6a uagb-infobox__content-wrap  uagb-infobox-icon-above-title uagb-infobox-image-valign-top\"><div class=\"uagb-ifb-content\"><div class=\"uagb-ifb-title-wrap\"><span class=\"uagb-ifb-title-prefix\">Il pilastro temporale della previdenza personale<\/span><h1 class=\"uagb-ifb-title\">Oggi posso aiutare. Domani qualcuno mi aiuter\u00e0.<\/h1><\/div><\/div><\/div>\n\n\n\n<p class=\"has-white-color has-text-color\">&#8220;Ora ho energia e tempo.<br>Pi\u00f9 tardi potr\u00f2 accettare il sostegno di altri&#8221;.<br><em>Maria H., 64 anni, volontaria<\/em><\/p>\n<\/div>\n<\/div><div class=\"uagb-columns__shape uagb-columns__shape-bottom uagb-columns__shape-flip\" data-negative=\"false\"><svg xmlns=\"https:\/\/www.w3.org\/2000\/svg\" viewBox=\"0 0 1000 100\" preserveAspectRatio=\"none\"><path class=\"uagb-columns__shape-fill\" d=\"M421.9,6.5c22.6-2.5,51.5,0.4,75.5,5.3c23.6,4.9,70.9,23.5,100.5,35.7c75.8,32.2,133.7,44.5,192.6,49.7  c23.6,2.1,48.7,3.5,103.4-2.5c54.7-6,106.2-25.6,106.2-25.6V0H0v30.3c0,0,72,32.6,158.4,30.5c39.2-0.7,92.8-6.7,134-22.4  c21.2-8.1,52.2-18.2,79.7-24.2C399.3,7.9,411.6,7.5,421.9,6.5z\"><\/path><\/svg><\/div><\/section>\n\n\n\n<section class=\"wp-block-uagb-section uagb-section__wrap uagb-section__background-undefined uagb-block-7b274af4\"><div class=\"uagb-section__overlay\"><\/div><div class=\"uagb-section__inner-wrap\">\n<div class=\"wp-block-uagb-advanced-heading uagb-block-6c1cb476\"><h2 class=\"uagb-heading-text\">Zeitpolster &#8211; Tempo-Cuscino<br>\u00e8 la rete di assistenza e previdenza,<br>il pilastro temporale della previdenza personale.&nbsp;  <\/h2><\/div>\n\n\n\n<div style=\"height:50px\" aria-hidden=\"true\" class=\"wp-block-spacer\"><\/div>\n\n\n\n<p>Siamo un&#8217;impresa sociale austriaca. Per noi \u00e8 importante scambiare e imparare insieme.<br>Abbiamo sviluppato il nostro modello concentrandoci sulla scalabilit\u00e0. Un&#8217;idea il cui tempo \u00e8 arrivato dovrebbe essere in grado di crescere.<\/p>\n<\/div><\/section>\n\n\n\n<section class=\"wp-block-uagb-section uagb-section__wrap uagb-section__background-color uagb-block-96a6797c\"><div class=\"uagb-section__overlay\"><\/div><div class=\"uagb-section__inner-wrap\">\n<div class=\"wp-block-uagb-advanced-heading uagb-block-6b661e36\"><h2 class=\"uagb-heading-text\">Come funziona Tempo-Cuscino:&nbsp;  <\/h2><\/div>\n\n\n\n<div style=\"height:50px\" aria-hidden=\"true\" class=\"wp-block-spacer\"><\/div>\n\n\n\n<p class=\"has-text-color\" style=\"color:#ffffff;font-size:22px\">I volontari assistono persone anziane, famiglie con bambini o persone con disabilit\u00e0 attraverso vari servizi di assistenza semplice, come ad esempio il giardinaggio, i lavori domestici, la spesa o semplicemente la compagnia. In cambio, ricevono un credito di tempo che potranno riscattare in seguito quando avranno bisogno di assistenza.<\/p>\n\n\n\n<div style=\"height:50px\" aria-hidden=\"true\" class=\"wp-block-spacer\"><\/div>\n\n\n\n<figure class=\"wp-block-embed aligncenter is-type-video is-provider-youtube wp-block-embed-youtube wp-embed-aspect-16-9 wp-has-aspect-ratio\"><div class=\"wp-block-embed__wrapper\">\n<iframe loading=\"lazy\" title=\"TimeCushion Film EN\" width=\"500\" height=\"281\" src=\"https:\/\/www.youtube.com\/embed\/PFrAi6C4JNk?feature=oembed\" frameborder=\"0\" allow=\"accelerometer; autoplay; clipboard-write; encrypted-media; gyroscope; picture-in-picture; web-share\" referrerpolicy=\"strict-origin-when-cross-origin\" allowfullscreen><\/iframe>\n<\/div><\/figure>\n<\/div><\/section>\n\n\n\n<section class=\"wp-block-uagb-section uagb-section__wrap uagb-section__background-image uagb-block-545110ce\"><div class=\"uagb-section__overlay\"><\/div><div class=\"uagb-section__inner-wrap\">\n<div class=\"wp-block-uagb-advanced-heading uagb-block-3612c863\"><h2 class=\"uagb-heading-text\">&#8220;Le tendenze demografiche mostrano<br>la necessit\u00e0 della nostra idea.<br>I tempi sono maturi per Tempo-Cuscino.&#8221;<\/h2><p class=\"uagb-desc-text\">Gernot Jochum-M\u00fcller<br>Fondatore<\/p><\/div>\n<\/div><\/section>\n\n\n\n<section class=\"wp-block-uagb-section uagb-section__wrap uagb-section__background-undefined uagb-block-c014fcc3\"><div class=\"uagb-section__overlay\"><\/div><div class=\"uagb-section__inner-wrap\">\n<div class=\"wp-block-uagb-advanced-heading uagb-block-6fe8e6b0\"><h2 class=\"uagb-heading-text\">I nostri quattro obiettivi di impatto<\/h2><\/div>\n\n\n\n<div style=\"height:50px\" aria-hidden=\"true\" class=\"wp-block-spacer\"><\/div>\n\n\n\n<p>Uniamo ci\u00f2 che appartiene a tutti. Combiniamo l&#8217;assistenza che rafforza l&#8217;autoresponsabilit\u00e0 e l&#8217;offerta attiva, possibile anche in et\u00e0 avanzata, in una rete sostenibile e intergenerazionale. Nessuno deve sentirsi solo.<\/p>\n\n\n\n<p style=\"line-height:1\">Per affrontare questa situazione, abbiamo sviluppato quattro obiettivi d&#8217;impatto principali:<\/p>\n\n\n\n<ul class=\"wp-block-list\"><li>Le reti locali di assistenza e prevenzione contribuiscono alla prevenzione della povert\u00e0 in et\u00e0 avanzata e alla riduzione della solitudine.<\/li><li>Indipendentemente dalla situazione familiare e finanziaria, la propria offerta di assistenza pu\u00f2 essere attivamente modellata anche in et\u00e0 avanzata.<\/li><li>\u00c8 facile autodeterminare un&#8217;assistenza locale e a basso costo.<\/li><li>Grazie a una proficua collaborazione tra le organizzazioni, le persone interessate beneficiano di servizi di assistenza adeguati e sufficienti.<\/li><\/ul>\n\n\n\n<div class=\"wp-block-columns is-layout-flex wp-container-core-columns-is-layout-28f84493 wp-block-columns-is-layout-flex\">\n<div class=\"wp-block-column is-layout-flow wp-block-column-is-layout-flow\">\n<figure class=\"wp-block-image size-large\"><img loading=\"lazy\" decoding=\"async\" width=\"1024\" height=\"409\" src=\"https:\/\/www.zeitpolster.com\/it\/wp-content\/uploads\/sites\/19\/2022\/09\/23-konnen-sich-nicht-leisten_it-1024x409.png\" alt=\"\" class=\"wp-image-5710\" srcset=\"https:\/\/www.zeitpolster.com\/it\/wp-content\/uploads\/sites\/19\/2022\/09\/23-konnen-sich-nicht-leisten_it-1024x409.png 1024w, https:\/\/www.zeitpolster.com\/it\/wp-content\/uploads\/sites\/19\/2022\/09\/23-konnen-sich-nicht-leisten_it-300x120.png 300w, https:\/\/www.zeitpolster.com\/it\/wp-content\/uploads\/sites\/19\/2022\/09\/23-konnen-sich-nicht-leisten_it-768x307.png 768w, https:\/\/www.zeitpolster.com\/it\/wp-content\/uploads\/sites\/19\/2022\/09\/23-konnen-sich-nicht-leisten_it-600x240.png 600w, https:\/\/www.zeitpolster.com\/it\/wp-content\/uploads\/sites\/19\/2022\/09\/23-konnen-sich-nicht-leisten_it.png 1181w\" sizes=\"auto, (max-width: 1024px) 100vw, 1024px\" \/><\/figure>\n<\/div>\n\n\n\n<div class=\"wp-block-column is-layout-flow wp-block-column-is-layout-flow\">\n<figure class=\"wp-block-image size-large\"><img loading=\"lazy\" decoding=\"async\" width=\"1024\" height=\"409\" src=\"https:\/\/www.zeitpolster.com\/it\/wp-content\/uploads\/sites\/19\/2022\/09\/28-haben-keine-Person_it-1024x409.png\" alt=\"\" class=\"wp-image-5711\" srcset=\"https:\/\/www.zeitpolster.com\/it\/wp-content\/uploads\/sites\/19\/2022\/09\/28-haben-keine-Person_it-1024x409.png 1024w, https:\/\/www.zeitpolster.com\/it\/wp-content\/uploads\/sites\/19\/2022\/09\/28-haben-keine-Person_it-300x120.png 300w, https:\/\/www.zeitpolster.com\/it\/wp-content\/uploads\/sites\/19\/2022\/09\/28-haben-keine-Person_it-768x307.png 768w, https:\/\/www.zeitpolster.com\/it\/wp-content\/uploads\/sites\/19\/2022\/09\/28-haben-keine-Person_it-600x240.png 600w, https:\/\/www.zeitpolster.com\/it\/wp-content\/uploads\/sites\/19\/2022\/09\/28-haben-keine-Person_it.png 1181w\" sizes=\"auto, (max-width: 1024px) 100vw, 1024px\" \/><\/figure>\n<\/div>\n<\/div>\n<\/div><\/section>\n\n\n\n<section class=\"wp-block-uagb-section uagb-section__wrap uagb-section__background-color uagb-block-ef7ad8f2\"><div class=\"uagb-section__overlay\"><\/div><div class=\"uagb-section__inner-wrap\">\n<div class=\"wp-block-uagb-advanced-heading uagb-block-90faa2dd\"><h2 class=\"uagb-heading-text\">Modello di licenza&nbsp;<\/h2><\/div>\n\n\n\n<div style=\"height:50px\" aria-hidden=\"true\" class=\"wp-block-spacer\"><\/div>\n\n\n\n<p class=\"has-ast-global-color-5-color has-text-color\">La creazione di soluzioni valide per l&#8217;assistenza \u00e8 una sfida sociale importante in molti Paesi. Time Cushion \u00e8 un modello maturo e consolidato che pu\u00f2 essere trasferito in diverse regioni. Come soluzione di franchising sociale, \u00e8 possibile avviare rapidamente i primi gruppi di volontari dopo un breve periodo di formazione. Non esitate a contattarci.<\/p>\n\n\n\n<div class=\"wp-block-buttons is-layout-flex wp-block-buttons-is-layout-flex\"><\/div>\n\n\n\n<div class=\"wp-block-uagb-buttons uagb-buttons__outer-wrap uagb-btn__default-btn uagb-btn-tablet__default-btn uagb-btn-mobile__default-btn uagb-block-226a6f1e\"><div class=\"uagb-buttons__wrap uagb-buttons-layout-wrap\">\n<div class=\"wp-block-uagb-buttons-child uagb-buttons__outer-wrap uagb-block-9daf205f wp-block-button is-style-outline\"><div class=\"uagb-button__wrapper\"><a class=\"uagb-buttons-repeater wp-block-button__link has-background has-text-color\" href=\"https:\/\/www.zeitpolster.com\/it\/impronta\/\" rel=\"follow noopener\" target=\"_self\"><div class=\"uagb-button__link\">Altro<\/div><\/a><\/div><\/div>\n<\/div><\/div>\n<\/div><\/section>\n\n\n\n<section class=\"wp-block-uagb-section uagb-section__wrap uagb-section__background-undefined uagb-block-e681500e\"><div class=\"uagb-section__overlay\"><\/div><div class=\"uagb-section__inner-wrap\">\n<section class=\"wp-block-uagb-columns uagb-columns__wrap uagb-columns__background-none uagb-columns__stack-mobile uagb-columns__valign- uagb-columns__gap-10 alignfull uagb-block-2a6e6dff uagb-columns__columns-2 uagb-columns__max_width-theme\"><div class=\"uagb-columns__overlay\"><\/div><div class=\"uagb-columns__inner-wrap uagb-columns__columns-2\">\n<div class=\"wp-block-uagb-column uagb-column__wrap uagb-column__background-undefined uagb-block-a071d441\"><div class=\"uagb-column__overlay\"><\/div>\n<figure class=\"wp-block-image aligncenter size-large is-style-default\"><img loading=\"lazy\" decoding=\"async\" width=\"78\" height=\"78\" src=\"https:\/\/www.zeitpolster.com\/en\/wp-content\/uploads\/sites\/18\/2019\/11\/baum.png\" alt=\"ASHOKA FELLOW\" class=\"wp-image-2609\"\/><\/figure>\n<\/div>\n\n\n\n<div class=\"wp-block-uagb-column uagb-column__wrap uagb-column__background-undefined uagb-block-565879da\"><div class=\"uagb-column__overlay\"><\/div>\n<figure class=\"wp-block-image alignleft size-large\"><img loading=\"lazy\" decoding=\"async\" width=\"120\" height=\"78\" src=\"https:\/\/www.zeitpolster.com\/en\/wp-content\/uploads\/sites\/18\/2019\/11\/making.png\" alt=\"\" class=\"wp-image-2610\"\/><\/figure>\n<\/div>\n<\/div><\/section>\n<\/div><\/section>\n\n\n\n<section class=\"wp-block-uagb-columns uagb-columns__wrap uagb-columns__background-none uagb-columns__stack-mobile uagb-columns__valign- uagb-columns__gap-10 align uagb-block-085a6cb7 uagb-columns__columns-3 uagb-columns__max_width-theme\"><div class=\"uagb-columns__overlay\"><\/div><div class=\"uagb-columns__inner-wrap uagb-columns__columns-3\">\n<div class=\"wp-block-uagb-column uagb-column__wrap uagb-column__background-undefined uagb-block-f05e921c\"><div class=\"uagb-column__overlay\"><\/div>\n<p><\/p>\n<\/div>\n\n\n\n<div class=\"wp-block-uagb-column uagb-column__wrap uagb-column__background-undefined uagb-block-3fbdf51d\"><div class=\"uagb-column__overlay\"><\/div>\n<figure class=\"wp-block-image aligncenter size-full is-resized\"><img loading=\"lazy\" decoding=\"async\" src=\"https:\/\/www.zeitpolster.com\/en\/wp-content\/uploads\/sites\/18\/2022\/09\/Time-Cushion.png\" alt=\"\" class=\"wp-image-5766\" width=\"500\" height=\"202\"\/><\/figure>\n\n\n\n<p class=\"has-text-align-center\" style=\"font-size:22px\">Il pilastro temporale della previdenza personale<\/p>\n\n\n\n<div style=\"height:20px\" aria-hidden=\"true\" class=\"wp-block-spacer\"><\/div>\n\n\n\n<div class=\"wp-block-uagb-icon-list uagb-block-0ed2ef58 uagb-icon-list__outer-wrap uagb-icon-list__layout-horizontal uagb-icon-list__no-label\" id=\"uagb-icon-list-41854f8b-2318-4fb0-9a97-66f427a7eba5\"><div class=\"uagb-icon-list__wrap\">\n<div class=\"wp-block-uagb-icon-list-child uagb-block-8e442272 uagb-icon-list-repeater uagb-icon-list__wrapper\"><a target=\"_self\" aria-label=\"Label #1\" rel=\"noopener noreferrer\" href=\"https:\/\/de-de.facebook.com\/zeitpolster\/\"> <\/a><span class=\"uagb-icon-list__source-wrap\"><svg xmlns=\"https:\/\/www.w3.org\/2000\/svg\" viewBox=\"0 0 320 512\"><path d=\"M279.1 288l14.22-92.66h-88.91v-60.13c0-25.35 12.42-50.06 52.24-50.06h40.42V6.26S260.4 0 225.4 0c-73.22 0-121.1 44.38-121.1 124.7v70.62H22.89V288h81.39v224h100.2V288z\"><\/path><\/svg><\/span><\/div>\n\n\n\n<div class=\"wp-block-uagb-icon-list-child uagb-block-ade2818d uagb-icon-list-repeater uagb-icon-list__wrapper\"><a target=\"_self\" aria-label=\"Label #2\" rel=\"noopener noreferrer\" href=\"mailto:info@zeitpolster.com\"> <\/a><span class=\"uagb-icon-list__source-wrap\"><svg xmlns=\"https:\/\/www.w3.org\/2000\/svg\" viewBox=\"0 0 512 512\"><path d=\"M464 64C490.5 64 512 85.49 512 112C512 127.1 504.9 141.3 492.8 150.4L275.2 313.6C263.8 322.1 248.2 322.1 236.8 313.6L19.2 150.4C7.113 141.3 0 127.1 0 112C0 85.49 21.49 64 48 64H464zM217.6 339.2C240.4 356.3 271.6 356.3 294.4 339.2L512 176V384C512 419.3 483.3 448 448 448H64C28.65 448 0 419.3 0 384V176L217.6 339.2z\"><\/path><\/svg><\/span><\/div>\n<\/div><\/div>\n<\/div>\n\n\n\n<div class=\"wp-block-uagb-column uagb-column__wrap uagb-column__background-undefined uagb-block-e2f21601\"><div class=\"uagb-column__overlay\"><\/div>\n<p><\/p>\n<\/div>\n<\/div><\/section>\n\n\n\n<p><\/p>\n","protected":false},"excerpt":{"rendered":"<p>&#8220;Ora ho energia e tempo.Pi\u00f9 tardi potr\u00f2 accettare il sostegno di altri&#8221;.Maria H., 64 anni, volontaria Il pilastro temporale della previdenza personale<\/p>\n","protected":false},"author":1,"featured_media":0,"parent":0,"menu_order":0,"comment_status":"closed","ping_status":"closed","template":"","meta":{"_bbp_topic_count":0,"_bbp_reply_count":0,"_bbp_total_topic_count":0,"_bbp_total_reply_count":0,"_bbp_voice_count":0,"_bbp_anonymous_reply_count":0,"_bbp_topic_count_hidden":0,"_bbp_reply_count_hidden":0,"_bbp_forum_subforum_count":0,"_uag_custom_page_level_css":"","site-sidebar-layout":"no-sidebar","site-content-layout":"page-builder","ast-site-content-layout":"default","site-content-style":"default","site-sidebar-style":"default","ast-global-header-display":"","ast-banner-title-visibility":"","ast-main-header-display":"","ast-hfb-above-header-display":"","ast-hfb-below-header-display":"","ast-hfb-mobile-header-display":"","site-post-title":"disabled","ast-breadcrumbs-content":"","ast-featured-img":"disabled","footer-sml-layout":"","ast-disable-related-posts":"","theme-transparent-header-meta":"disabled","adv-header-id-meta":"","stick-header-meta":"","header-above-stick-meta":"","header-main-stick-meta":"","header-below-stick-meta":"","astra-migrate-meta-layouts":"default","ast-page-background-enabled":"default","ast-page-background-meta":{"desktop":{"background-color":"","background-image":"","background-repeat":"repeat","background-position":"center center","background-size":"auto","background-attachment":"scroll","background-type":"","background-media":"","overlay-type":"","overlay-color":"","overlay-opacity":"","overlay-gradient":""},"tablet":{"background-color":"","background-image":"","background-repeat":"repeat","background-position":"center center","background-size":"auto","background-attachment":"scroll","background-type":"","background-media":"","overlay-type":"","overlay-color":"","overlay-opacity":"","overlay-gradient":""},"mobile":{"background-color":"","background-image":"","background-repeat":"repeat","background-position":"center center","background-size":"auto","background-attachment":"scroll","background-type":"","background-media":"","overlay-type":"","overlay-color":"","overlay-opacity":"","overlay-gradient":""}},"ast-content-background-meta":{"desktop":{"background-color":"var(--ast-global-color-5)","background-image":"","background-repeat":"repeat","background-position":"center center","background-size":"auto","background-attachment":"scroll","background-type":"","background-media":"","overlay-type":"","overlay-color":"","overlay-opacity":"","overlay-gradient":""},"tablet":{"background-color":"var(--ast-global-color-5)","background-image":"","background-repeat":"repeat","background-position":"center center","background-size":"auto","background-attachment":"scroll","background-type":"","background-media":"","overlay-type":"","overlay-color":"","overlay-opacity":"","overlay-gradient":""},"mobile":{"background-color":"var(--ast-global-color-5)","background-image":"","background-repeat":"repeat","background-position":"center center","background-size":"auto","background-attachment":"scroll","background-type":"","background-media":"","overlay-type":"","overlay-color":"","overlay-opacity":"","overlay-gradient":""}},"footnotes":""},"class_list":["post-1310","page","type-page","status-publish","hentry"],"yoast_head":"<!-- This site is optimized with the Yoast SEO plugin v27.5 - https:\/\/yoast.com\/product\/yoast-seo-wordpress\/ -->\n<title>Iniziale - Zeitpolster Italien<\/title>\n<meta name=\"description\" content=\"Zeitpolster ist das neue Betreuungs- und Vorsorgemodell. Wer heute andere betreut, erh\u00e4lt Zeitgutschriften, die er im Alter gegen Betreuung einl\u00f6st.\" \/>\n<meta name=\"robots\" content=\"index, follow, max-snippet:-1, max-image-preview:large, max-video-preview:-1\" \/>\n<link rel=\"canonical\" href=\"https:\/\/www.zeitpolster.com\/it\/\" \/>\n<meta property=\"og:locale\" content=\"it_IT\" \/>\n<meta property=\"og:type\" content=\"article\" \/>\n<meta property=\"og:title\" content=\"Iniziale - Zeitpolster Italien\" \/>\n<meta property=\"og:description\" content=\"Zeitpolster ist das neue Betreuungs- und Vorsorgemodell. Wer heute andere betreut, erh\u00e4lt Zeitgutschriften, die er im Alter gegen Betreuung einl\u00f6st.\" \/>\n<meta property=\"og:url\" content=\"https:\/\/www.zeitpolster.com\/it\/\" \/>\n<meta property=\"og:site_name\" content=\"Zeitpolster Italien\" \/>\n<meta property=\"article:modified_time\" content=\"2022-09-06T09:54:08+00:00\" \/>\n<meta property=\"og:image\" content=\"https:\/\/www.zeitpolster.com\/it\/wp-content\/uploads\/sites\/19\/2022\/09\/23-konnen-sich-nicht-leisten_it-1024x409.png\" \/>\n<meta name=\"twitter:card\" content=\"summary_large_image\" \/>\n<meta name=\"twitter:label1\" content=\"Tempo di lettura stimato\" \/>\n\t<meta name=\"twitter:data1\" content=\"5 minuti\" \/>\n<script type=\"application\/ld+json\" class=\"yoast-schema-graph\">{\"@context\":\"https:\\\/\\\/schema.org\",\"@graph\":[{\"@type\":\"WebPage\",\"@id\":\"https:\\\/\\\/www.zeitpolster.com\\\/it\\\/\",\"url\":\"https:\\\/\\\/www.zeitpolster.com\\\/it\\\/\",\"name\":\"Iniziale - Zeitpolster Italien\",\"isPartOf\":{\"@id\":\"https:\\\/\\\/www.zeitpolster.com\\\/it\\\/#website\"},\"primaryImageOfPage\":{\"@id\":\"https:\\\/\\\/www.zeitpolster.com\\\/it\\\/#primaryimage\"},\"image\":{\"@id\":\"https:\\\/\\\/www.zeitpolster.com\\\/it\\\/#primaryimage\"},\"thumbnailUrl\":\"https:\\\/\\\/www.zeitpolster.com\\\/it\\\/wp-content\\\/uploads\\\/sites\\\/19\\\/2022\\\/09\\\/23-konnen-sich-nicht-leisten_it-1024x409.png\",\"datePublished\":\"2019-04-24T11:05:22+00:00\",\"dateModified\":\"2022-09-06T09:54:08+00:00\",\"description\":\"Zeitpolster ist das neue Betreuungs- und Vorsorgemodell. Wer heute andere betreut, erh\u00e4lt Zeitgutschriften, die er im Alter gegen Betreuung einl\u00f6st.\",\"breadcrumb\":{\"@id\":\"https:\\\/\\\/www.zeitpolster.com\\\/it\\\/#breadcrumb\"},\"inLanguage\":\"it-IT\",\"potentialAction\":[{\"@type\":\"ReadAction\",\"target\":[\"https:\\\/\\\/www.zeitpolster.com\\\/it\\\/\"]}]},{\"@type\":\"ImageObject\",\"inLanguage\":\"it-IT\",\"@id\":\"https:\\\/\\\/www.zeitpolster.com\\\/it\\\/#primaryimage\",\"url\":\"https:\\\/\\\/www.zeitpolster.com\\\/it\\\/wp-content\\\/uploads\\\/sites\\\/19\\\/2022\\\/09\\\/23-konnen-sich-nicht-leisten_it.png\",\"contentUrl\":\"https:\\\/\\\/www.zeitpolster.com\\\/it\\\/wp-content\\\/uploads\\\/sites\\\/19\\\/2022\\\/09\\\/23-konnen-sich-nicht-leisten_it.png\",\"width\":1181,\"height\":472},{\"@type\":\"BreadcrumbList\",\"@id\":\"https:\\\/\\\/www.zeitpolster.com\\\/it\\\/#breadcrumb\",\"itemListElement\":[{\"@type\":\"ListItem\",\"position\":1,\"name\":\"Startseite\",\"item\":\"https:\\\/\\\/www.zeitpolster.com\\\/it\\\/\"},{\"@type\":\"ListItem\",\"position\":2,\"name\":\"Iniziale\"}]},{\"@type\":\"WebSite\",\"@id\":\"https:\\\/\\\/www.zeitpolster.com\\\/it\\\/#website\",\"url\":\"https:\\\/\\\/www.zeitpolster.com\\\/it\\\/\",\"name\":\"Zeitpolster Italia\",\"description\":\"Verein f\u00fcr Zeitvorsorge\",\"publisher\":{\"@id\":\"https:\\\/\\\/www.zeitpolster.com\\\/it\\\/#organization\"},\"potentialAction\":[{\"@type\":\"SearchAction\",\"target\":{\"@type\":\"EntryPoint\",\"urlTemplate\":\"https:\\\/\\\/www.zeitpolster.com\\\/it\\\/?s={search_term_string}\"},\"query-input\":{\"@type\":\"PropertyValueSpecification\",\"valueRequired\":true,\"valueName\":\"search_term_string\"}}],\"inLanguage\":\"it-IT\"},{\"@type\":\"Organization\",\"@id\":\"https:\\\/\\\/www.zeitpolster.com\\\/it\\\/#organization\",\"name\":\"Zeitpolster Italia\",\"url\":\"https:\\\/\\\/www.zeitpolster.com\\\/it\\\/\",\"logo\":{\"@type\":\"ImageObject\",\"inLanguage\":\"it-IT\",\"@id\":\"https:\\\/\\\/www.zeitpolster.com\\\/it\\\/#\\\/schema\\\/logo\\\/image\\\/\",\"url\":\"https:\\\/\\\/www.zeitpolster.com\\\/it\\\/wp-content\\\/uploads\\\/sites\\\/19\\\/2019\\\/10\\\/logo_green-2.png\",\"contentUrl\":\"https:\\\/\\\/www.zeitpolster.com\\\/it\\\/wp-content\\\/uploads\\\/sites\\\/19\\\/2019\\\/10\\\/logo_green-2.png\",\"width\":361,\"height\":192,\"caption\":\"Zeitpolster Italia\"},\"image\":{\"@id\":\"https:\\\/\\\/www.zeitpolster.com\\\/it\\\/#\\\/schema\\\/logo\\\/image\\\/\"}}]}<\/script>\n<!-- \/ Yoast SEO plugin. -->","yoast_head_json":{"title":"Iniziale - Zeitpolster Italien","description":"Zeitpolster ist das neue Betreuungs- und Vorsorgemodell. Wer heute andere betreut, erh\u00e4lt Zeitgutschriften, die er im Alter gegen Betreuung einl\u00f6st.","robots":{"index":"index","follow":"follow","max-snippet":"max-snippet:-1","max-image-preview":"max-image-preview:large","max-video-preview":"max-video-preview:-1"},"canonical":"https:\/\/www.zeitpolster.com\/it\/","og_locale":"it_IT","og_type":"article","og_title":"Iniziale - Zeitpolster Italien","og_description":"Zeitpolster ist das neue Betreuungs- und Vorsorgemodell. Wer heute andere betreut, erh\u00e4lt Zeitgutschriften, die er im Alter gegen Betreuung einl\u00f6st.","og_url":"https:\/\/www.zeitpolster.com\/it\/","og_site_name":"Zeitpolster Italien","article_modified_time":"2022-09-06T09:54:08+00:00","og_image":[{"url":"https:\/\/www.zeitpolster.com\/it\/wp-content\/uploads\/sites\/19\/2022\/09\/23-konnen-sich-nicht-leisten_it-1024x409.png","type":"","width":"","height":""}],"twitter_card":"summary_large_image","twitter_misc":{"Tempo di lettura stimato":"5 minuti"},"schema":{"@context":"https:\/\/schema.org","@graph":[{"@type":"WebPage","@id":"https:\/\/www.zeitpolster.com\/it\/","url":"https:\/\/www.zeitpolster.com\/it\/","name":"Iniziale - Zeitpolster Italien","isPartOf":{"@id":"https:\/\/www.zeitpolster.com\/it\/#website"},"primaryImageOfPage":{"@id":"https:\/\/www.zeitpolster.com\/it\/#primaryimage"},"image":{"@id":"https:\/\/www.zeitpolster.com\/it\/#primaryimage"},"thumbnailUrl":"https:\/\/www.zeitpolster.com\/it\/wp-content\/uploads\/sites\/19\/2022\/09\/23-konnen-sich-nicht-leisten_it-1024x409.png","datePublished":"2019-04-24T11:05:22+00:00","dateModified":"2022-09-06T09:54:08+00:00","description":"Zeitpolster ist das neue Betreuungs- und Vorsorgemodell. Wer heute andere betreut, erh\u00e4lt Zeitgutschriften, die er im Alter gegen Betreuung einl\u00f6st.","breadcrumb":{"@id":"https:\/\/www.zeitpolster.com\/it\/#breadcrumb"},"inLanguage":"it-IT","potentialAction":[{"@type":"ReadAction","target":["https:\/\/www.zeitpolster.com\/it\/"]}]},{"@type":"ImageObject","inLanguage":"it-IT","@id":"https:\/\/www.zeitpolster.com\/it\/#primaryimage","url":"https:\/\/www.zeitpolster.com\/it\/wp-content\/uploads\/sites\/19\/2022\/09\/23-konnen-sich-nicht-leisten_it.png","contentUrl":"https:\/\/www.zeitpolster.com\/it\/wp-content\/uploads\/sites\/19\/2022\/09\/23-konnen-sich-nicht-leisten_it.png","width":1181,"height":472},{"@type":"BreadcrumbList","@id":"https:\/\/www.zeitpolster.com\/it\/#breadcrumb","itemListElement":[{"@type":"ListItem","position":1,"name":"Startseite","item":"https:\/\/www.zeitpolster.com\/it\/"},{"@type":"ListItem","position":2,"name":"Iniziale"}]},{"@type":"WebSite","@id":"https:\/\/www.zeitpolster.com\/it\/#website","url":"https:\/\/www.zeitpolster.com\/it\/","name":"Zeitpolster Italia","description":"Verein f\u00fcr Zeitvorsorge","publisher":{"@id":"https:\/\/www.zeitpolster.com\/it\/#organization"},"potentialAction":[{"@type":"SearchAction","target":{"@type":"EntryPoint","urlTemplate":"https:\/\/www.zeitpolster.com\/it\/?s={search_term_string}"},"query-input":{"@type":"PropertyValueSpecification","valueRequired":true,"valueName":"search_term_string"}}],"inLanguage":"it-IT"},{"@type":"Organization","@id":"https:\/\/www.zeitpolster.com\/it\/#organization","name":"Zeitpolster Italia","url":"https:\/\/www.zeitpolster.com\/it\/","logo":{"@type":"ImageObject","inLanguage":"it-IT","@id":"https:\/\/www.zeitpolster.com\/it\/#\/schema\/logo\/image\/","url":"https:\/\/www.zeitpolster.com\/it\/wp-content\/uploads\/sites\/19\/2019\/10\/logo_green-2.png","contentUrl":"https:\/\/www.zeitpolster.com\/it\/wp-content\/uploads\/sites\/19\/2019\/10\/logo_green-2.png","width":361,"height":192,"caption":"Zeitpolster Italia"},"image":{"@id":"https:\/\/www.zeitpolster.com\/it\/#\/schema\/logo\/image\/"}}]}},"featured_image_src":null,"featured_image_src_square":null,"uagb_featured_image_src":{"full":false,"thumbnail":false,"medium":false,"medium_large":false,"large":false,"1536x1536":false,"2048x2048":false,"gb-block-post-grid-landscape":false,"gb-block-post-grid-square":false,"woocommerce_thumbnail":false,"woocommerce_single":false,"woocommerce_gallery_thumbnail":false},"uagb_author_info":{"display_name":"wordpressadmin","author_link":"https:\/\/www.zeitpolster.com\/it\/author\/wordpressadmin\/"},"uagb_comment_info":0,"uagb_excerpt":"&#8220;Ora ho energia e tempo.Pi\u00f9 tardi potr\u00f2 accettare il sostegno di altri&#8221;.Maria H., 64 anni, volontaria Il pilastro temporale della previdenza personale","_links":{"self":[{"href":"https:\/\/www.zeitpolster.com\/it\/wp-json\/wp\/v2\/pages\/1310","targetHints":{"allow":["GET"]}}],"collection":[{"href":"https:\/\/www.zeitpolster.com\/it\/wp-json\/wp\/v2\/pages"}],"about":[{"href":"https:\/\/www.zeitpolster.com\/it\/wp-json\/wp\/v2\/types\/page"}],"author":[{"embeddable":true,"href":"https:\/\/www.zeitpolster.com\/it\/wp-json\/wp\/v2\/users\/1"}],"replies":[{"embeddable":true,"href":"https:\/\/www.zeitpolster.com\/it\/wp-json\/wp\/v2\/comments?post=1310"}],"version-history":[{"count":10,"href":"https:\/\/www.zeitpolster.com\/it\/wp-json\/wp\/v2\/pages\/1310\/revisions"}],"predecessor-version":[{"id":5731,"href":"https:\/\/www.zeitpolster.com\/it\/wp-json\/wp\/v2\/pages\/1310\/revisions\/5731"}],"wp:attachment":[{"href":"https:\/\/www.zeitpolster.com\/it\/wp-json\/wp\/v2\/media?parent=1310"}],"curies":[{"name":"wp","href":"https:\/\/api.w.org\/{rel}","templated":true}]}}