{"id":5669,"date":"2019-11-16T23:12:16","date_gmt":"2019-11-16T22:12:16","guid":{"rendered":"https:\/\/www.zeitpolster.com\/es\/home-2\/"},"modified":"2022-09-06T11:48:05","modified_gmt":"2022-09-06T09:48:05","slug":"home-2","status":"publish","type":"page","link":"https:\/\/www.zeitpolster.com\/es\/","title":{"rendered":"Portada"},"content":{"rendered":"\n<section class=\"wp-block-uagb-columns uagb-columns__wrap uagb-columns__background-image uagb-columns__stack-mobile uagb-columns__valign- uagb-columns__gap-10 alignfull uagb-block-ad099c6d uagb-columns__columns-1 uagb-columns__max_width-theme\"><div class=\"uagb-columns__overlay\"><\/div><div class=\"uagb-columns__inner-wrap uagb-columns__columns-1\">\n<div class=\"wp-block-uagb-column uagb-column__wrap uagb-column__background-undefined uagb-block-e0ed073f\"><div class=\"uagb-column__overlay\"><\/div>\n<div class=\"wp-block-uagb-info-box uagb-block-1f320394 uagb-infobox__content-wrap  uagb-infobox-icon-above-title uagb-infobox-image-valign-top\"><div class=\"uagb-ifb-content\"><div class=\"uagb-ifb-title-wrap\"><span class=\"uagb-ifb-title-prefix\">El pilar temporal de las pensiones personales<\/span><h1 class=\"uagb-ifb-title\">Hoy puedo ayudar. Ma\u00f1ana alguien me ayuda.<\/h1><\/div><\/div><\/div>\n\n\n\n<p class=\"has-white-color has-text-color\">\u00abAhora tengo energ\u00eda y tiempo.<br>Despu\u00e9s puedo aceptar el apoyo de otros\u00bb.<br><em>Maria H., 64 a\u00f1os, voluntaria<\/em><\/p>\n<\/div>\n<\/div><div class=\"uagb-columns__shape uagb-columns__shape-bottom uagb-columns__shape-flip\" data-negative=\"false\"><svg xmlns=\"https:\/\/www.w3.org\/2000\/svg\" viewBox=\"0 0 1000 100\" preserveAspectRatio=\"none\"><path class=\"uagb-columns__shape-fill\" d=\"M421.9,6.5c22.6-2.5,51.5,0.4,75.5,5.3c23.6,4.9,70.9,23.5,100.5,35.7c75.8,32.2,133.7,44.5,192.6,49.7  c23.6,2.1,48.7,3.5,103.4-2.5c54.7-6,106.2-25.6,106.2-25.6V0H0v30.3c0,0,72,32.6,158.4,30.5c39.2-0.7,92.8-6.7,134-22.4  c21.2-8.1,52.2-18.2,79.7-24.2C399.3,7.9,411.6,7.5,421.9,6.5z\"><\/path><\/svg><\/div><\/section>\n\n\n\n<section class=\"wp-block-uagb-section uagb-section__wrap uagb-section__background-undefined uagb-block-1d2b645b\"><div class=\"uagb-section__overlay\"><\/div><div class=\"uagb-section__inner-wrap\">\n<div class=\"wp-block-uagb-advanced-heading uagb-block-2247363f\"><h2 class=\"uagb-heading-text\">Zeitpolster &#8211; Tiempo-Coj\u00edn<br>es la red de atenci\u00f3n y provisi\u00f3n<br>el pilar temporal para la provisi\u00f3n de pensiones personales.&nbsp; <\/h2><\/div>\n\n\n\n<div style=\"height:50px\" aria-hidden=\"true\" class=\"wp-block-spacer\"><\/div>\n\n\n\n<p>Somos una empresa social austriaca. El intercambio y el aprendizaje conjunto son importantes para nosotros.<br>Hemos desarrollado nuestro modelo centr\u00e1ndonos en la escalabilidad. Una idea a la que le ha llegado el momento debe poder crecer.<\/p>\n<\/div><\/section>\n\n\n\n<section class=\"wp-block-uagb-section uagb-section__wrap uagb-section__background-color uagb-block-3232e37f\"><div class=\"uagb-section__overlay\"><\/div><div class=\"uagb-section__inner-wrap\">\n<div class=\"wp-block-uagb-advanced-heading uagb-block-448dc4bf\"><h2 class=\"uagb-heading-text\">C\u00f3mo funciona Tiempo-Coj\u00edn:&nbsp;  <\/h2><\/div>\n\n\n\n<div style=\"height:50px\" aria-hidden=\"true\" class=\"wp-block-spacer\"><\/div>\n\n\n\n<p class=\"has-text-color\" style=\"color:#ffffff;font-size:22px\">Los voluntarios ayudan a las personas mayores, a las familias con ni\u00f1os o a las personas discapacitadas mediante diversos servicios de apoyo sencillos como, por ejemplo, la jardiner\u00eda, las tareas dom\u00e9sticas, las compras o simplemente la compa\u00f1\u00eda. A cambio, reciben un cr\u00e9dito de tiempo que pueden canjear m\u00e1s tarde cuando necesiten cuidados.<\/p>\n\n\n\n<div style=\"height:50px\" aria-hidden=\"true\" class=\"wp-block-spacer\"><\/div>\n\n\n\n<figure class=\"wp-block-embed aligncenter is-type-video is-provider-youtube wp-block-embed-youtube wp-embed-aspect-16-9 wp-has-aspect-ratio\"><div class=\"wp-block-embed__wrapper\">\n<iframe loading=\"lazy\" title=\"TimeCushion Film EN\" width=\"500\" height=\"281\" src=\"https:\/\/www.youtube.com\/embed\/PFrAi6C4JNk?feature=oembed\" frameborder=\"0\" allow=\"accelerometer; autoplay; clipboard-write; encrypted-media; gyroscope; picture-in-picture; web-share\" referrerpolicy=\"strict-origin-when-cross-origin\" allowfullscreen><\/iframe>\n<\/div><\/figure>\n<\/div><\/section>\n\n\n\n<section class=\"wp-block-uagb-section uagb-section__wrap uagb-section__background-image uagb-block-fbba00d2\"><div class=\"uagb-section__overlay\"><\/div><div class=\"uagb-section__inner-wrap\">\n<div class=\"wp-block-uagb-advanced-heading uagb-block-9023f5a0\"><h2 class=\"uagb-heading-text\">\u00abLas tendencias demogr\u00e1ficas muestran<br>la necesidad de nuestra idea.<br>Ha llegado el momento de Tiempo-Coj\u00edn.\u00bb<\/h2><p class=\"uagb-desc-text\">Gernot Jochum-M\u00fcller<br>Fundador<\/p><\/div>\n<\/div><\/section>\n\n\n\n<section class=\"wp-block-uagb-section uagb-section__wrap uagb-section__background-undefined uagb-block-a6d96a92\"><div class=\"uagb-section__overlay\"><\/div><div class=\"uagb-section__inner-wrap\">\n<div class=\"wp-block-uagb-advanced-heading uagb-block-035c81ca\"><h2 class=\"uagb-heading-text\">Nuestros cuatro objetivos de impacto<\/h2><\/div>\n\n\n\n<div style=\"height:50px\" aria-hidden=\"true\" class=\"wp-block-spacer\"><\/div>\n\n\n\n<p>Combinamos lo que pertenece a todos. Combinamos los cuidados que refuerzan la autorresponsabilidad y la prestaci\u00f3n activa que tambi\u00e9n es posible en la vejez en una red sostenible e intergeneracional. Nadie tiene que estar solo.<\/p>\n\n\n\n<p style=\"line-height:1\">Para hacer frente a esta situaci\u00f3n, hemos desarrollado cuatro grandes objetivos de impacto:<\/p>\n\n\n\n<ul class=\"wp-block-list\"><li>Las redes locales de asistencia y prevenci\u00f3n contribuyen a la prevenci\u00f3n de la pobreza en la vejez y a la reducci\u00f3n de la soledad.<\/li><li>Independientemente de la situaci\u00f3n familiar y econ\u00f3mica, la propia provisi\u00f3n de cuidados tambi\u00e9n puede configurarse activamente en la vejez.<\/li><li>Es f\u00e1cil autodeterminar una asistencia local y de bajo coste.<\/li><li>A trav\u00e9s de una exitosa cooperaci\u00f3n entre organizaciones, los afectados se benefician de servicios de atenci\u00f3n adecuados y suficientes.<\/li><\/ul>\n\n\n\n<div class=\"wp-block-columns is-layout-flex wp-container-core-columns-is-layout-28f84493 wp-block-columns-is-layout-flex\">\n<div class=\"wp-block-column is-layout-flow wp-block-column-is-layout-flow\">\n<figure class=\"wp-block-image size-large\"><img loading=\"lazy\" decoding=\"async\" width=\"1024\" height=\"409\" src=\"https:\/\/www.zeitpolster.com\/es\/wp-content\/uploads\/sites\/20\/2022\/09\/23-konnen-sich-nicht-leisten_es-1-1024x409.png\" alt=\"\" class=\"wp-image-5715\" srcset=\"https:\/\/www.zeitpolster.com\/es\/wp-content\/uploads\/sites\/20\/2022\/09\/23-konnen-sich-nicht-leisten_es-1-1024x409.png 1024w, https:\/\/www.zeitpolster.com\/es\/wp-content\/uploads\/sites\/20\/2022\/09\/23-konnen-sich-nicht-leisten_es-1-300x120.png 300w, https:\/\/www.zeitpolster.com\/es\/wp-content\/uploads\/sites\/20\/2022\/09\/23-konnen-sich-nicht-leisten_es-1-768x307.png 768w, https:\/\/www.zeitpolster.com\/es\/wp-content\/uploads\/sites\/20\/2022\/09\/23-konnen-sich-nicht-leisten_es-1-600x240.png 600w, https:\/\/www.zeitpolster.com\/es\/wp-content\/uploads\/sites\/20\/2022\/09\/23-konnen-sich-nicht-leisten_es-1.png 1181w\" sizes=\"auto, (max-width: 1024px) 100vw, 1024px\" \/><\/figure>\n<\/div>\n\n\n\n<div class=\"wp-block-column is-layout-flow wp-block-column-is-layout-flow\">\n<figure class=\"wp-block-image size-large\"><img loading=\"lazy\" decoding=\"async\" width=\"1024\" height=\"409\" src=\"https:\/\/www.zeitpolster.com\/es\/wp-content\/uploads\/sites\/20\/2022\/09\/28-haben-keine-Person_es-1-1024x409.png\" alt=\"\" class=\"wp-image-5716\" srcset=\"https:\/\/www.zeitpolster.com\/es\/wp-content\/uploads\/sites\/20\/2022\/09\/28-haben-keine-Person_es-1-1024x409.png 1024w, https:\/\/www.zeitpolster.com\/es\/wp-content\/uploads\/sites\/20\/2022\/09\/28-haben-keine-Person_es-1-300x120.png 300w, https:\/\/www.zeitpolster.com\/es\/wp-content\/uploads\/sites\/20\/2022\/09\/28-haben-keine-Person_es-1-768x307.png 768w, https:\/\/www.zeitpolster.com\/es\/wp-content\/uploads\/sites\/20\/2022\/09\/28-haben-keine-Person_es-1-600x240.png 600w, https:\/\/www.zeitpolster.com\/es\/wp-content\/uploads\/sites\/20\/2022\/09\/28-haben-keine-Person_es-1.png 1181w\" sizes=\"auto, (max-width: 1024px) 100vw, 1024px\" \/><\/figure>\n<\/div>\n<\/div>\n<\/div><\/section>\n\n\n\n<section class=\"wp-block-uagb-section uagb-section__wrap uagb-section__background-color uagb-block-63bdae13\"><div class=\"uagb-section__overlay\"><\/div><div class=\"uagb-section__inner-wrap\">\n<div class=\"wp-block-uagb-advanced-heading uagb-block-624a94d9\"><h2 class=\"uagb-heading-text\">Modelo de licencia&nbsp; <\/h2><\/div>\n\n\n\n<div style=\"height:50px\" aria-hidden=\"true\" class=\"wp-block-spacer\"><\/div>\n\n\n\n<p class=\"has-ast-global-color-5-color has-text-color\">La creaci\u00f3n de buenas soluciones para la atenci\u00f3n es un gran reto social en muchos pa\u00edses. Time Cushion es un modelo maduro y establecido que puede transferirse a diferentes regiones. Como soluci\u00f3n de franquicia social, puede poner en marcha r\u00e1pidamente sus primeros grupos de voluntarios tras un breve periodo de formaci\u00f3n. No dude en ponerse en contacto con nosotros.<\/p>\n\n\n\n<div class=\"wp-block-buttons is-layout-flex wp-block-buttons-is-layout-flex\"><\/div>\n\n\n\n<div class=\"wp-block-uagb-buttons uagb-buttons__outer-wrap uagb-btn__default-btn uagb-btn-tablet__default-btn uagb-btn-mobile__default-btn uagb-block-96b69cce\"><div class=\"uagb-buttons__wrap uagb-buttons-layout-wrap\">\n<div class=\"wp-block-uagb-buttons-child uagb-buttons__outer-wrap uagb-block-27615600 wp-block-button is-style-outline\"><div class=\"uagb-button__wrapper\"><a class=\"uagb-buttons-repeater wp-block-button__link has-background has-text-color\" href=\"https:\/\/www.zeitpolster.com\/es\/imprenta\/\" rel=\"follow noopener\" target=\"_self\"><div class=\"uagb-button__link\">M\u00e1s<\/div><\/a><\/div><\/div>\n<\/div><\/div>\n<\/div><\/section>\n\n\n\n<section class=\"wp-block-uagb-section uagb-section__wrap uagb-section__background-undefined uagb-block-9ff3f3d4\"><div class=\"uagb-section__overlay\"><\/div><div class=\"uagb-section__inner-wrap\">\n<section class=\"wp-block-uagb-columns uagb-columns__wrap uagb-columns__background-none uagb-columns__stack-mobile uagb-columns__valign- uagb-columns__gap-10 alignfull uagb-block-81b634bd uagb-columns__columns-2 uagb-columns__max_width-theme\"><div class=\"uagb-columns__overlay\"><\/div><div class=\"uagb-columns__inner-wrap uagb-columns__columns-2\">\n<div class=\"wp-block-uagb-column uagb-column__wrap uagb-column__background-undefined uagb-block-6606860f\"><div class=\"uagb-column__overlay\"><\/div>\n<figure class=\"wp-block-image aligncenter size-large is-style-default\"><img loading=\"lazy\" decoding=\"async\" width=\"78\" height=\"78\" src=\"https:\/\/www.zeitpolster.com\/en\/wp-content\/uploads\/sites\/18\/2019\/11\/baum.png\" alt=\"ASHOKA FELLOW\" class=\"wp-image-2609\"\/><\/figure>\n<\/div>\n\n\n\n<div class=\"wp-block-uagb-column uagb-column__wrap uagb-column__background-undefined uagb-block-2e49de1f\"><div class=\"uagb-column__overlay\"><\/div>\n<figure class=\"wp-block-image alignleft size-large\"><img loading=\"lazy\" decoding=\"async\" width=\"120\" height=\"78\" src=\"https:\/\/www.zeitpolster.com\/en\/wp-content\/uploads\/sites\/18\/2019\/11\/making.png\" alt=\"\" class=\"wp-image-2610\"\/><\/figure>\n<\/div>\n<\/div><\/section>\n<\/div><\/section>\n\n\n\n<section class=\"wp-block-uagb-columns uagb-columns__wrap uagb-columns__background-none uagb-columns__stack-mobile uagb-columns__valign- uagb-columns__gap-10 align uagb-block-eca1d1f3 uagb-columns__columns-3 uagb-columns__max_width-theme\"><div class=\"uagb-columns__overlay\"><\/div><div class=\"uagb-columns__inner-wrap uagb-columns__columns-3\">\n<div class=\"wp-block-uagb-column uagb-column__wrap uagb-column__background-undefined uagb-block-cd376a1a\"><div class=\"uagb-column__overlay\"><\/div>\n<p><\/p>\n<\/div>\n\n\n\n<div class=\"wp-block-uagb-column uagb-column__wrap uagb-column__background-undefined uagb-block-2b1080a6\"><div class=\"uagb-column__overlay\"><\/div>\n<figure class=\"wp-block-image aligncenter size-full is-resized\"><img loading=\"lazy\" decoding=\"async\" src=\"https:\/\/www.zeitpolster.com\/en\/wp-content\/uploads\/sites\/18\/2022\/09\/Time-Cushion.png\" alt=\"\" class=\"wp-image-5766\" width=\"500\" height=\"202\"\/><\/figure>\n\n\n\n<p class=\"has-text-align-center\" style=\"font-size:22px\">El pilar temporal de las pensiones personales<\/p>\n\n\n\n<div style=\"height:20px\" aria-hidden=\"true\" class=\"wp-block-spacer\"><\/div>\n\n\n\n<div class=\"wp-block-uagb-icon-list uagb-block-1292c213 uagb-icon-list__outer-wrap uagb-icon-list__layout-horizontal uagb-icon-list__no-label\" id=\"uagb-icon-list-41854f8b-2318-4fb0-9a97-66f427a7eba5\"><div class=\"uagb-icon-list__wrap\">\n<div class=\"wp-block-uagb-icon-list-child uagb-block-780f9c2c uagb-icon-list-repeater uagb-icon-list__wrapper\"><a target=\"_self\" aria-label=\"Label #1\" rel=\"noopener noreferrer\" href=\"https:\/\/de-de.facebook.com\/zeitpolster\/\"> <\/a><span class=\"uagb-icon-list__source-wrap\"><svg xmlns=\"https:\/\/www.w3.org\/2000\/svg\" viewBox=\"0 0 320 512\"><path d=\"M279.1 288l14.22-92.66h-88.91v-60.13c0-25.35 12.42-50.06 52.24-50.06h40.42V6.26S260.4 0 225.4 0c-73.22 0-121.1 44.38-121.1 124.7v70.62H22.89V288h81.39v224h100.2V288z\"><\/path><\/svg><\/span><\/div>\n\n\n\n<div class=\"wp-block-uagb-icon-list-child uagb-block-9c2fc12c uagb-icon-list-repeater uagb-icon-list__wrapper\"><a target=\"_self\" aria-label=\"Label #2\" rel=\"noopener noreferrer\" href=\"mailto:info@zeitpolster.com\"> <\/a><span class=\"uagb-icon-list__source-wrap\"><svg xmlns=\"https:\/\/www.w3.org\/2000\/svg\" viewBox=\"0 0 512 512\"><path d=\"M464 64C490.5 64 512 85.49 512 112C512 127.1 504.9 141.3 492.8 150.4L275.2 313.6C263.8 322.1 248.2 322.1 236.8 313.6L19.2 150.4C7.113 141.3 0 127.1 0 112C0 85.49 21.49 64 48 64H464zM217.6 339.2C240.4 356.3 271.6 356.3 294.4 339.2L512 176V384C512 419.3 483.3 448 448 448H64C28.65 448 0 419.3 0 384V176L217.6 339.2z\"><\/path><\/svg><\/span><\/div>\n<\/div><\/div>\n<\/div>\n\n\n\n<div class=\"wp-block-uagb-column uagb-column__wrap uagb-column__background-undefined uagb-block-2fd6e34c\"><div class=\"uagb-column__overlay\"><\/div>\n<p><\/p>\n<\/div>\n<\/div><\/section>\n\n\n\n<p><\/p>\n","protected":false},"excerpt":{"rendered":"<p>\u00abAhora tengo energ\u00eda y tiempo.Despu\u00e9s puedo aceptar el apoyo de otros\u00bb.Maria H., 64 a\u00f1os, voluntaria El pilar temporal de las pensiones personales<\/p>\n","protected":false},"author":7,"featured_media":0,"parent":0,"menu_order":0,"comment_status":"closed","ping_status":"closed","template":"","meta":{"_bbp_topic_count":0,"_bbp_reply_count":0,"_bbp_total_topic_count":0,"_bbp_total_reply_count":0,"_bbp_voice_count":0,"_bbp_anonymous_reply_count":0,"_bbp_topic_count_hidden":0,"_bbp_reply_count_hidden":0,"_bbp_forum_subforum_count":0,"_uag_custom_page_level_css":"","site-sidebar-layout":"default","site-content-layout":"","ast-site-content-layout":"default","site-content-style":"default","site-sidebar-style":"default","ast-global-header-display":"","ast-banner-title-visibility":"","ast-main-header-display":"","ast-hfb-above-header-display":"","ast-hfb-below-header-display":"","ast-hfb-mobile-header-display":"","site-post-title":"disabled","ast-breadcrumbs-content":"","ast-featured-img":"","footer-sml-layout":"","ast-disable-related-posts":"","theme-transparent-header-meta":"","adv-header-id-meta":"","stick-header-meta":"","header-above-stick-meta":"","header-main-stick-meta":"","header-below-stick-meta":"","astra-migrate-meta-layouts":"default","ast-page-background-enabled":"default","ast-page-background-meta":{"desktop":{"background-color":"","background-image":"","background-repeat":"repeat","background-position":"center center","background-size":"auto","background-attachment":"scroll","background-type":"","background-media":"","overlay-type":"","overlay-color":"","overlay-opacity":"","overlay-gradient":""},"tablet":{"background-color":"","background-image":"","background-repeat":"repeat","background-position":"center center","background-size":"auto","background-attachment":"scroll","background-type":"","background-media":"","overlay-type":"","overlay-color":"","overlay-opacity":"","overlay-gradient":""},"mobile":{"background-color":"","background-image":"","background-repeat":"repeat","background-position":"center center","background-size":"auto","background-attachment":"scroll","background-type":"","background-media":"","overlay-type":"","overlay-color":"","overlay-opacity":"","overlay-gradient":""}},"ast-content-background-meta":{"desktop":{"background-color":"var(--ast-global-color-5)","background-image":"","background-repeat":"repeat","background-position":"center center","background-size":"auto","background-attachment":"scroll","background-type":"","background-media":"","overlay-type":"","overlay-color":"","overlay-opacity":"","overlay-gradient":""},"tablet":{"background-color":"var(--ast-global-color-5)","background-image":"","background-repeat":"repeat","background-position":"center center","background-size":"auto","background-attachment":"scroll","background-type":"","background-media":"","overlay-type":"","overlay-color":"","overlay-opacity":"","overlay-gradient":""},"mobile":{"background-color":"var(--ast-global-color-5)","background-image":"","background-repeat":"repeat","background-position":"center center","background-size":"auto","background-attachment":"scroll","background-type":"","background-media":"","overlay-type":"","overlay-color":"","overlay-opacity":"","overlay-gradient":""}},"footnotes":""},"class_list":["post-5669","page","type-page","status-publish","hentry"],"yoast_head":"<!-- This site is optimized with the Yoast SEO plugin v27.5 - https:\/\/yoast.com\/product\/yoast-seo-wordpress\/ -->\n<title>Portada - Zeitpolster Spanisch<\/title>\n<meta name=\"robots\" content=\"index, follow, max-snippet:-1, max-image-preview:large, max-video-preview:-1\" \/>\n<link rel=\"canonical\" href=\"https:\/\/www.zeitpolster.com\/es\/\" \/>\n<meta property=\"og:locale\" content=\"es_ES\" \/>\n<meta property=\"og:type\" content=\"article\" \/>\n<meta property=\"og:title\" content=\"Portada - Zeitpolster Spanisch\" \/>\n<meta property=\"og:description\" content=\"\u00abAhora tengo energ\u00eda y tiempo.Despu\u00e9s puedo aceptar el apoyo de otros\u00bb.Maria H., 64 a\u00f1os, voluntaria El pilar temporal de las pensiones personales\" \/>\n<meta property=\"og:url\" content=\"https:\/\/www.zeitpolster.com\/es\/\" \/>\n<meta property=\"og:site_name\" content=\"Zeitpolster Spanisch\" \/>\n<meta property=\"article:modified_time\" content=\"2022-09-06T09:48:05+00:00\" \/>\n<meta property=\"og:image\" content=\"https:\/\/www.zeitpolster.com\/es\/wp-content\/uploads\/sites\/20\/2022\/09\/23-konnen-sich-nicht-leisten_es-1-1024x409.png\" \/>\n<meta name=\"twitter:card\" content=\"summary_large_image\" \/>\n<meta name=\"twitter:label1\" content=\"Tiempo de lectura\" \/>\n\t<meta name=\"twitter:data1\" content=\"2 minutos\" \/>\n<script type=\"application\/ld+json\" class=\"yoast-schema-graph\">{\"@context\":\"https:\\\/\\\/schema.org\",\"@graph\":[{\"@type\":\"WebPage\",\"@id\":\"https:\\\/\\\/www.zeitpolster.com\\\/es\\\/\",\"url\":\"https:\\\/\\\/www.zeitpolster.com\\\/es\\\/\",\"name\":\"Portada - Zeitpolster Spanisch\",\"isPartOf\":{\"@id\":\"https:\\\/\\\/www.zeitpolster.com\\\/es\\\/#website\"},\"primaryImageOfPage\":{\"@id\":\"https:\\\/\\\/www.zeitpolster.com\\\/es\\\/#primaryimage\"},\"image\":{\"@id\":\"https:\\\/\\\/www.zeitpolster.com\\\/es\\\/#primaryimage\"},\"thumbnailUrl\":\"https:\\\/\\\/www.zeitpolster.com\\\/es\\\/wp-content\\\/uploads\\\/sites\\\/20\\\/2022\\\/09\\\/23-konnen-sich-nicht-leisten_es-1-1024x409.png\",\"datePublished\":\"2019-11-16T22:12:16+00:00\",\"dateModified\":\"2022-09-06T09:48:05+00:00\",\"breadcrumb\":{\"@id\":\"https:\\\/\\\/www.zeitpolster.com\\\/es\\\/#breadcrumb\"},\"inLanguage\":\"es\",\"potentialAction\":[{\"@type\":\"ReadAction\",\"target\":[\"https:\\\/\\\/www.zeitpolster.com\\\/es\\\/\"]}]},{\"@type\":\"ImageObject\",\"inLanguage\":\"es\",\"@id\":\"https:\\\/\\\/www.zeitpolster.com\\\/es\\\/#primaryimage\",\"url\":\"https:\\\/\\\/www.zeitpolster.com\\\/es\\\/wp-content\\\/uploads\\\/sites\\\/20\\\/2022\\\/09\\\/23-konnen-sich-nicht-leisten_es-1.png\",\"contentUrl\":\"https:\\\/\\\/www.zeitpolster.com\\\/es\\\/wp-content\\\/uploads\\\/sites\\\/20\\\/2022\\\/09\\\/23-konnen-sich-nicht-leisten_es-1.png\",\"width\":1181,\"height\":472},{\"@type\":\"BreadcrumbList\",\"@id\":\"https:\\\/\\\/www.zeitpolster.com\\\/es\\\/#breadcrumb\",\"itemListElement\":[{\"@type\":\"ListItem\",\"position\":1,\"name\":\"Startseite\",\"item\":\"https:\\\/\\\/www.zeitpolster.com\\\/es\\\/\"},{\"@type\":\"ListItem\",\"position\":2,\"name\":\"Portada\"}]},{\"@type\":\"WebSite\",\"@id\":\"https:\\\/\\\/www.zeitpolster.com\\\/es\\\/#website\",\"url\":\"https:\\\/\\\/www.zeitpolster.com\\\/es\\\/\",\"name\":\"Zeitpolster Espa\u00f1a\",\"description\":\"Verein f\u00fcr Zeitvorsorge\",\"publisher\":{\"@id\":\"https:\\\/\\\/www.zeitpolster.com\\\/es\\\/#organization\"},\"potentialAction\":[{\"@type\":\"SearchAction\",\"target\":{\"@type\":\"EntryPoint\",\"urlTemplate\":\"https:\\\/\\\/www.zeitpolster.com\\\/es\\\/?s={search_term_string}\"},\"query-input\":{\"@type\":\"PropertyValueSpecification\",\"valueRequired\":true,\"valueName\":\"search_term_string\"}}],\"inLanguage\":\"es\"},{\"@type\":\"Organization\",\"@id\":\"https:\\\/\\\/www.zeitpolster.com\\\/es\\\/#organization\",\"name\":\"Zeitpolster Espa\u00f1a\",\"url\":\"https:\\\/\\\/www.zeitpolster.com\\\/es\\\/\",\"logo\":{\"@type\":\"ImageObject\",\"inLanguage\":\"es\",\"@id\":\"https:\\\/\\\/www.zeitpolster.com\\\/es\\\/#\\\/schema\\\/logo\\\/image\\\/\",\"url\":\"https:\\\/\\\/www.zeitpolster.com\\\/es\\\/wp-content\\\/uploads\\\/sites\\\/20\\\/2019\\\/10\\\/logo_green-2.png\",\"contentUrl\":\"https:\\\/\\\/www.zeitpolster.com\\\/es\\\/wp-content\\\/uploads\\\/sites\\\/20\\\/2019\\\/10\\\/logo_green-2.png\",\"width\":361,\"height\":192,\"caption\":\"Zeitpolster Espa\u00f1a\"},\"image\":{\"@id\":\"https:\\\/\\\/www.zeitpolster.com\\\/es\\\/#\\\/schema\\\/logo\\\/image\\\/\"}}]}<\/script>\n<!-- \/ Yoast SEO plugin. -->","yoast_head_json":{"title":"Portada - Zeitpolster Spanisch","robots":{"index":"index","follow":"follow","max-snippet":"max-snippet:-1","max-image-preview":"max-image-preview:large","max-video-preview":"max-video-preview:-1"},"canonical":"https:\/\/www.zeitpolster.com\/es\/","og_locale":"es_ES","og_type":"article","og_title":"Portada - Zeitpolster Spanisch","og_description":"\u00abAhora tengo energ\u00eda y tiempo.Despu\u00e9s puedo aceptar el apoyo de otros\u00bb.Maria H., 64 a\u00f1os, voluntaria El pilar temporal de las pensiones personales","og_url":"https:\/\/www.zeitpolster.com\/es\/","og_site_name":"Zeitpolster Spanisch","article_modified_time":"2022-09-06T09:48:05+00:00","og_image":[{"url":"https:\/\/www.zeitpolster.com\/es\/wp-content\/uploads\/sites\/20\/2022\/09\/23-konnen-sich-nicht-leisten_es-1-1024x409.png","type":"","width":"","height":""}],"twitter_card":"summary_large_image","twitter_misc":{"Tiempo de lectura":"2 minutos"},"schema":{"@context":"https:\/\/schema.org","@graph":[{"@type":"WebPage","@id":"https:\/\/www.zeitpolster.com\/es\/","url":"https:\/\/www.zeitpolster.com\/es\/","name":"Portada - Zeitpolster Spanisch","isPartOf":{"@id":"https:\/\/www.zeitpolster.com\/es\/#website"},"primaryImageOfPage":{"@id":"https:\/\/www.zeitpolster.com\/es\/#primaryimage"},"image":{"@id":"https:\/\/www.zeitpolster.com\/es\/#primaryimage"},"thumbnailUrl":"https:\/\/www.zeitpolster.com\/es\/wp-content\/uploads\/sites\/20\/2022\/09\/23-konnen-sich-nicht-leisten_es-1-1024x409.png","datePublished":"2019-11-16T22:12:16+00:00","dateModified":"2022-09-06T09:48:05+00:00","breadcrumb":{"@id":"https:\/\/www.zeitpolster.com\/es\/#breadcrumb"},"inLanguage":"es","potentialAction":[{"@type":"ReadAction","target":["https:\/\/www.zeitpolster.com\/es\/"]}]},{"@type":"ImageObject","inLanguage":"es","@id":"https:\/\/www.zeitpolster.com\/es\/#primaryimage","url":"https:\/\/www.zeitpolster.com\/es\/wp-content\/uploads\/sites\/20\/2022\/09\/23-konnen-sich-nicht-leisten_es-1.png","contentUrl":"https:\/\/www.zeitpolster.com\/es\/wp-content\/uploads\/sites\/20\/2022\/09\/23-konnen-sich-nicht-leisten_es-1.png","width":1181,"height":472},{"@type":"BreadcrumbList","@id":"https:\/\/www.zeitpolster.com\/es\/#breadcrumb","itemListElement":[{"@type":"ListItem","position":1,"name":"Startseite","item":"https:\/\/www.zeitpolster.com\/es\/"},{"@type":"ListItem","position":2,"name":"Portada"}]},{"@type":"WebSite","@id":"https:\/\/www.zeitpolster.com\/es\/#website","url":"https:\/\/www.zeitpolster.com\/es\/","name":"Zeitpolster Espa\u00f1a","description":"Verein f\u00fcr Zeitvorsorge","publisher":{"@id":"https:\/\/www.zeitpolster.com\/es\/#organization"},"potentialAction":[{"@type":"SearchAction","target":{"@type":"EntryPoint","urlTemplate":"https:\/\/www.zeitpolster.com\/es\/?s={search_term_string}"},"query-input":{"@type":"PropertyValueSpecification","valueRequired":true,"valueName":"search_term_string"}}],"inLanguage":"es"},{"@type":"Organization","@id":"https:\/\/www.zeitpolster.com\/es\/#organization","name":"Zeitpolster Espa\u00f1a","url":"https:\/\/www.zeitpolster.com\/es\/","logo":{"@type":"ImageObject","inLanguage":"es","@id":"https:\/\/www.zeitpolster.com\/es\/#\/schema\/logo\/image\/","url":"https:\/\/www.zeitpolster.com\/es\/wp-content\/uploads\/sites\/20\/2019\/10\/logo_green-2.png","contentUrl":"https:\/\/www.zeitpolster.com\/es\/wp-content\/uploads\/sites\/20\/2019\/10\/logo_green-2.png","width":361,"height":192,"caption":"Zeitpolster Espa\u00f1a"},"image":{"@id":"https:\/\/www.zeitpolster.com\/es\/#\/schema\/logo\/image\/"}}]}},"featured_image_src":null,"featured_image_src_square":null,"uagb_featured_image_src":{"full":false,"thumbnail":false,"medium":false,"medium_large":false,"large":false,"1536x1536":false,"2048x2048":false,"gb-block-post-grid-landscape":false,"gb-block-post-grid-square":false,"woocommerce_thumbnail":false,"woocommerce_single":false,"woocommerce_gallery_thumbnail":false},"uagb_author_info":{"display_name":"evadmin","author_link":"https:\/\/www.zeitpolster.com\/es\/author\/evadmin\/"},"uagb_comment_info":0,"uagb_excerpt":"\u00abAhora tengo energ\u00eda y tiempo.Despu\u00e9s puedo aceptar el apoyo de otros\u00bb.Maria H., 64 a\u00f1os, voluntaria El pilar temporal de las pensiones personales","_links":{"self":[{"href":"https:\/\/www.zeitpolster.com\/es\/wp-json\/wp\/v2\/pages\/5669","targetHints":{"allow":["GET"]}}],"collection":[{"href":"https:\/\/www.zeitpolster.com\/es\/wp-json\/wp\/v2\/pages"}],"about":[{"href":"https:\/\/www.zeitpolster.com\/es\/wp-json\/wp\/v2\/types\/page"}],"author":[{"embeddable":true,"href":"https:\/\/www.zeitpolster.com\/es\/wp-json\/wp\/v2\/users\/7"}],"replies":[{"embeddable":true,"href":"https:\/\/www.zeitpolster.com\/es\/wp-json\/wp\/v2\/comments?post=5669"}],"version-history":[{"count":12,"href":"https:\/\/www.zeitpolster.com\/es\/wp-json\/wp\/v2\/pages\/5669\/revisions"}],"predecessor-version":[{"id":5734,"href":"https:\/\/www.zeitpolster.com\/es\/wp-json\/wp\/v2\/pages\/5669\/revisions\/5734"}],"wp:attachment":[{"href":"https:\/\/www.zeitpolster.com\/es\/wp-json\/wp\/v2\/media?parent=5669"}],"curies":[{"name":"wp","href":"https:\/\/api.w.org\/{rel}","templated":true}]}}