{"id":4481,"date":"2021-09-15T11:26:57","date_gmt":"2021-09-15T09:26:57","guid":{"rendered":"https:\/\/www.zeitpolster.com\/ch\/?post_type=product&#038;p=4481"},"modified":"2021-09-29T13:16:19","modified_gmt":"2021-09-29T11:16:19","slug":"impulsbox-8-leben-mit-demenz","status":"publish","type":"product","link":"https:\/\/www.zeitpolster.com\/ch\/shop\/impulsbox-8-leben-mit-demenz\/","title":{"rendered":"Impulsbox 8 Leben mit Demenz"},"content":{"rendered":"<p><strong>Impulsbox 8<\/strong><br \/>\n<strong>Leben mit Demenz! <\/strong>Pl\u00f6tzlich war er da. Der Tag an dem die Handtasche pl\u00f6tzlich im K\u00fchlschrank stand\u2026<br \/>\nDiese Box entstand in enger Zusammenarbeit mit der Aktion Demenz Vorarlberg.<\/p>\n<p>Die Zeitpolster Impulsboxen sind eine wunderbare M\u00f6glichkeit, Familie, Nachbarn, Freunde und Interessierte zu guten Gespr\u00e4chen einzuladen. Solche gute Gespr\u00e4che finden zu selten statt.<br \/>\nLaden Sie mit einer Impulsbox ein, um gemeinsam Erfahrungen und Einsichten auszutauschen, \u00fcber \u00c4ngste und Unsicherheiten zu sprechen, neue Ideen und Anregungen zu erhalten oder einfach um einen guten Grund zu haben, andere zu sich einzuladen.<\/p>\n<p><em>Inhalt der Impulsbox:<\/em><br \/>\n10 Einladungskarten, um Freunde und Nachbarn einzuladen<br \/>\n1 Anleitung und Gespr\u00e4chsregeln, damit das Treffen gut gelingt<br \/>\n12 Themenbilder<br \/>\n18 Themenkarten mit Wissen, Impulsen und anregenden Fragen<br \/>\n1 Feebackbogen<\/p>\n","protected":false},"excerpt":{"rendered":"<p>Impulsbox 8<br \/>\nLeben<br \/>\nmit Demenz<\/p>\n","protected":false},"featured_media":4482,"template":"","meta":{"_bbp_topic_count":0,"_bbp_reply_count":0,"_bbp_total_topic_count":0,"_bbp_total_reply_count":0,"_bbp_voice_count":0,"_bbp_anonymous_reply_count":0,"_bbp_topic_count_hidden":0,"_bbp_reply_count_hidden":0,"_bbp_forum_subforum_count":0,"_uag_custom_page_level_css":"","site-sidebar-layout":"default","site-content-layout":"default","ast-site-content-layout":"default","site-content-style":"default","site-sidebar-style":"default","ast-global-header-display":"","ast-banner-title-visibility":"","ast-main-header-display":"","ast-hfb-above-header-display":"","ast-hfb-below-header-display":"","ast-hfb-mobile-header-display":"","site-post-title":"","ast-breadcrumbs-content":"","ast-featured-img":"","footer-sml-layout":"","ast-disable-related-posts":"","theme-transparent-header-meta":"default","adv-header-id-meta":"","stick-header-meta":"","header-above-stick-meta":"","header-main-stick-meta":"","header-below-stick-meta":"","astra-migrate-meta-layouts":"default","ast-page-background-enabled":"default","ast-page-background-meta":{"desktop":{"background-color":"","background-image":"","background-repeat":"repeat","background-position":"center center","background-size":"auto","background-attachment":"scroll","background-type":"","background-media":"","overlay-type":"","overlay-color":"","overlay-opacity":"","overlay-gradient":""},"tablet":{"background-color":"","background-image":"","background-repeat":"repeat","background-position":"center center","background-size":"auto","background-attachment":"scroll","background-type":"","background-media":"","overlay-type":"","overlay-color":"","overlay-opacity":"","overlay-gradient":""},"mobile":{"background-color":"","background-image":"","background-repeat":"repeat","background-position":"center center","background-size":"auto","background-attachment":"scroll","background-type":"","background-media":"","overlay-type":"","overlay-color":"","overlay-opacity":"","overlay-gradient":""}},"ast-content-background-meta":{"desktop":{"background-color":"var(--ast-global-color-5)","background-image":"","background-repeat":"repeat","background-position":"center center","background-size":"auto","background-attachment":"scroll","background-type":"","background-media":"","overlay-type":"","overlay-color":"","overlay-opacity":"","overlay-gradient":""},"tablet":{"background-color":"var(--ast-global-color-5)","background-image":"","background-repeat":"repeat","background-position":"center center","background-size":"auto","background-attachment":"scroll","background-type":"","background-media":"","overlay-type":"","overlay-color":"","overlay-opacity":"","overlay-gradient":""},"mobile":{"background-color":"var(--ast-global-color-5)","background-image":"","background-repeat":"repeat","background-position":"center center","background-size":"auto","background-attachment":"scroll","background-type":"","background-media":"","overlay-type":"","overlay-color":"","overlay-opacity":"","overlay-gradient":""}}},"product_brand":[],"product_cat":[52],"product_tag":[],"class_list":{"0":"post-4481","1":"product","2":"type-product","3":"status-publish","4":"has-post-thumbnail","6":"product_cat-impulsboxen","7":"desktop-align-left","8":"tablet-align-left","9":"mobile-align-left","11":"first","12":"instock","13":"shipping-taxable","14":"purchasable","15":"product-type-simple"},"yoast_head":"<!-- This site is optimized with the Yoast SEO plugin v27.5 - https:\/\/yoast.com\/product\/yoast-seo-wordpress\/ -->\n<title>Impulsbox 8 Leben mit Demenz - Zeitpolster Schweiz<\/title>\n<meta name=\"description\" content=\"Pl\u00f6tzlich war er da. Der Tag an dem die Handtasche pl\u00f6tzlich im K\u00fchlschrank stand\u2026\" \/>\n<meta name=\"robots\" content=\"index, follow, max-snippet:-1, max-image-preview:large, max-video-preview:-1\" \/>\n<link rel=\"canonical\" href=\"https:\/\/www.zeitpolster.com\/ch\/shop\/impulsbox-8-leben-mit-demenz\/\" \/>\n<meta property=\"og:locale\" content=\"de_DE\" \/>\n<meta property=\"og:type\" content=\"article\" \/>\n<meta property=\"og:title\" content=\"Impulsbox 8 Leben mit Demenz - Zeitpolster Schweiz\" \/>\n<meta property=\"og:description\" content=\"Pl\u00f6tzlich war er da. Der Tag an dem die Handtasche pl\u00f6tzlich im K\u00fchlschrank stand\u2026\" \/>\n<meta property=\"og:url\" content=\"https:\/\/www.zeitpolster.com\/ch\/shop\/impulsbox-8-leben-mit-demenz\/\" \/>\n<meta property=\"og:site_name\" content=\"Zeitpolster Schweiz\" \/>\n<meta property=\"article:modified_time\" content=\"2021-09-29T11:16:19+00:00\" \/>\n<meta property=\"og:image\" content=\"https:\/\/www.zeitpolster.com\/ch\/wp-content\/uploads\/sites\/23\/2021\/09\/Deckblatt-Box-8.jpg\" \/>\n\t<meta property=\"og:image:width\" content=\"2480\" \/>\n\t<meta property=\"og:image:height\" content=\"1748\" \/>\n\t<meta property=\"og:image:type\" content=\"image\/jpeg\" \/>\n<meta name=\"twitter:card\" content=\"summary_large_image\" \/>\n<meta name=\"twitter:label1\" content=\"Gesch\u00e4tzte Lesezeit\" \/>\n\t<meta name=\"twitter:data1\" content=\"1\u00a0Minute\" \/>\n<script type=\"application\/ld+json\" class=\"yoast-schema-graph\">{\"@context\":\"https:\\\/\\\/schema.org\",\"@graph\":[{\"@type\":\"WebPage\",\"@id\":\"https:\\\/\\\/www.zeitpolster.com\\\/ch\\\/shop\\\/impulsbox-8-leben-mit-demenz\\\/\",\"url\":\"https:\\\/\\\/www.zeitpolster.com\\\/ch\\\/shop\\\/impulsbox-8-leben-mit-demenz\\\/\",\"name\":\"Impulsbox 8 Leben mit Demenz - Zeitpolster Schweiz\",\"isPartOf\":{\"@id\":\"https:\\\/\\\/www.zeitpolster.com\\\/ch\\\/#website\"},\"primaryImageOfPage\":{\"@id\":\"https:\\\/\\\/www.zeitpolster.com\\\/ch\\\/shop\\\/impulsbox-8-leben-mit-demenz\\\/#primaryimage\"},\"image\":{\"@id\":\"https:\\\/\\\/www.zeitpolster.com\\\/ch\\\/shop\\\/impulsbox-8-leben-mit-demenz\\\/#primaryimage\"},\"thumbnailUrl\":\"https:\\\/\\\/www.zeitpolster.com\\\/ch\\\/wp-content\\\/uploads\\\/sites\\\/23\\\/2021\\\/09\\\/Deckblatt-Box-8.jpg\",\"datePublished\":\"2021-09-15T09:26:57+00:00\",\"dateModified\":\"2021-09-29T11:16:19+00:00\",\"description\":\"Pl\u00f6tzlich war er da. Der Tag an dem die Handtasche pl\u00f6tzlich im K\u00fchlschrank stand\u2026\",\"breadcrumb\":{\"@id\":\"https:\\\/\\\/www.zeitpolster.com\\\/ch\\\/shop\\\/impulsbox-8-leben-mit-demenz\\\/#breadcrumb\"},\"inLanguage\":\"de\",\"potentialAction\":[{\"@type\":\"ReadAction\",\"target\":[\"https:\\\/\\\/www.zeitpolster.com\\\/ch\\\/shop\\\/impulsbox-8-leben-mit-demenz\\\/\"]}]},{\"@type\":\"ImageObject\",\"inLanguage\":\"de\",\"@id\":\"https:\\\/\\\/www.zeitpolster.com\\\/ch\\\/shop\\\/impulsbox-8-leben-mit-demenz\\\/#primaryimage\",\"url\":\"https:\\\/\\\/www.zeitpolster.com\\\/ch\\\/wp-content\\\/uploads\\\/sites\\\/23\\\/2021\\\/09\\\/Deckblatt-Box-8.jpg\",\"contentUrl\":\"https:\\\/\\\/www.zeitpolster.com\\\/ch\\\/wp-content\\\/uploads\\\/sites\\\/23\\\/2021\\\/09\\\/Deckblatt-Box-8.jpg\",\"width\":2480,\"height\":1748,\"caption\":\"Titelblatt Impulsbox 8 Demenz\"},{\"@type\":\"BreadcrumbList\",\"@id\":\"https:\\\/\\\/www.zeitpolster.com\\\/ch\\\/shop\\\/impulsbox-8-leben-mit-demenz\\\/#breadcrumb\",\"itemListElement\":[{\"@type\":\"ListItem\",\"position\":1,\"name\":\"Startseite\",\"item\":\"https:\\\/\\\/www.zeitpolster.com\\\/ch\\\/\"},{\"@type\":\"ListItem\",\"position\":2,\"name\":\"Produkte\",\"item\":\"https:\\\/\\\/www.zeitpolster.com\\\/ch\\\/shop\\\/\"},{\"@type\":\"ListItem\",\"position\":3,\"name\":\"Impulsbox 8 Leben mit Demenz\"}]},{\"@type\":\"WebSite\",\"@id\":\"https:\\\/\\\/www.zeitpolster.com\\\/ch\\\/#website\",\"url\":\"https:\\\/\\\/www.zeitpolster.com\\\/ch\\\/\",\"name\":\"Zeitpolster Schweiz\",\"description\":\"Verein f\u00fcr Zeitvorsorge\",\"publisher\":{\"@id\":\"https:\\\/\\\/www.zeitpolster.com\\\/ch\\\/#organization\"},\"potentialAction\":[{\"@type\":\"SearchAction\",\"target\":{\"@type\":\"EntryPoint\",\"urlTemplate\":\"https:\\\/\\\/www.zeitpolster.com\\\/ch\\\/?s={search_term_string}\"},\"query-input\":{\"@type\":\"PropertyValueSpecification\",\"valueRequired\":true,\"valueName\":\"search_term_string\"}}],\"inLanguage\":\"de\"},{\"@type\":\"Organization\",\"@id\":\"https:\\\/\\\/www.zeitpolster.com\\\/ch\\\/#organization\",\"name\":\"Zeitpolster Schweiz\",\"url\":\"https:\\\/\\\/www.zeitpolster.com\\\/ch\\\/\",\"logo\":{\"@type\":\"ImageObject\",\"inLanguage\":\"de\",\"@id\":\"https:\\\/\\\/www.zeitpolster.com\\\/ch\\\/#\\\/schema\\\/logo\\\/image\\\/\",\"url\":\"https:\\\/\\\/www.zeitpolster.com\\\/ch\\\/wp-content\\\/uploads\\\/sites\\\/23\\\/2019\\\/10\\\/logo_green-2.png\",\"contentUrl\":\"https:\\\/\\\/www.zeitpolster.com\\\/ch\\\/wp-content\\\/uploads\\\/sites\\\/23\\\/2019\\\/10\\\/logo_green-2.png\",\"width\":361,\"height\":192,\"caption\":\"Zeitpolster Schweiz\"},\"image\":{\"@id\":\"https:\\\/\\\/www.zeitpolster.com\\\/ch\\\/#\\\/schema\\\/logo\\\/image\\\/\"}}]}<\/script>\n<!-- \/ Yoast SEO plugin. -->","yoast_head_json":{"title":"Impulsbox 8 Leben mit Demenz - Zeitpolster Schweiz","description":"Pl\u00f6tzlich war er da. Der Tag an dem die Handtasche pl\u00f6tzlich im K\u00fchlschrank stand\u2026","robots":{"index":"index","follow":"follow","max-snippet":"max-snippet:-1","max-image-preview":"max-image-preview:large","max-video-preview":"max-video-preview:-1"},"canonical":"https:\/\/www.zeitpolster.com\/ch\/shop\/impulsbox-8-leben-mit-demenz\/","og_locale":"de_DE","og_type":"article","og_title":"Impulsbox 8 Leben mit Demenz - Zeitpolster Schweiz","og_description":"Pl\u00f6tzlich war er da. Der Tag an dem die Handtasche pl\u00f6tzlich im K\u00fchlschrank stand\u2026","og_url":"https:\/\/www.zeitpolster.com\/ch\/shop\/impulsbox-8-leben-mit-demenz\/","og_site_name":"Zeitpolster Schweiz","article_modified_time":"2021-09-29T11:16:19+00:00","og_image":[{"width":2480,"height":1748,"url":"https:\/\/www.zeitpolster.com\/ch\/wp-content\/uploads\/sites\/23\/2021\/09\/Deckblatt-Box-8.jpg","type":"image\/jpeg"}],"twitter_card":"summary_large_image","twitter_misc":{"Gesch\u00e4tzte Lesezeit":"1\u00a0Minute"},"schema":{"@context":"https:\/\/schema.org","@graph":[{"@type":"WebPage","@id":"https:\/\/www.zeitpolster.com\/ch\/shop\/impulsbox-8-leben-mit-demenz\/","url":"https:\/\/www.zeitpolster.com\/ch\/shop\/impulsbox-8-leben-mit-demenz\/","name":"Impulsbox 8 Leben mit Demenz - Zeitpolster Schweiz","isPartOf":{"@id":"https:\/\/www.zeitpolster.com\/ch\/#website"},"primaryImageOfPage":{"@id":"https:\/\/www.zeitpolster.com\/ch\/shop\/impulsbox-8-leben-mit-demenz\/#primaryimage"},"image":{"@id":"https:\/\/www.zeitpolster.com\/ch\/shop\/impulsbox-8-leben-mit-demenz\/#primaryimage"},"thumbnailUrl":"https:\/\/www.zeitpolster.com\/ch\/wp-content\/uploads\/sites\/23\/2021\/09\/Deckblatt-Box-8.jpg","datePublished":"2021-09-15T09:26:57+00:00","dateModified":"2021-09-29T11:16:19+00:00","description":"Pl\u00f6tzlich war er da. Der Tag an dem die Handtasche pl\u00f6tzlich im K\u00fchlschrank stand\u2026","breadcrumb":{"@id":"https:\/\/www.zeitpolster.com\/ch\/shop\/impulsbox-8-leben-mit-demenz\/#breadcrumb"},"inLanguage":"de","potentialAction":[{"@type":"ReadAction","target":["https:\/\/www.zeitpolster.com\/ch\/shop\/impulsbox-8-leben-mit-demenz\/"]}]},{"@type":"ImageObject","inLanguage":"de","@id":"https:\/\/www.zeitpolster.com\/ch\/shop\/impulsbox-8-leben-mit-demenz\/#primaryimage","url":"https:\/\/www.zeitpolster.com\/ch\/wp-content\/uploads\/sites\/23\/2021\/09\/Deckblatt-Box-8.jpg","contentUrl":"https:\/\/www.zeitpolster.com\/ch\/wp-content\/uploads\/sites\/23\/2021\/09\/Deckblatt-Box-8.jpg","width":2480,"height":1748,"caption":"Titelblatt Impulsbox 8 Demenz"},{"@type":"BreadcrumbList","@id":"https:\/\/www.zeitpolster.com\/ch\/shop\/impulsbox-8-leben-mit-demenz\/#breadcrumb","itemListElement":[{"@type":"ListItem","position":1,"name":"Startseite","item":"https:\/\/www.zeitpolster.com\/ch\/"},{"@type":"ListItem","position":2,"name":"Produkte","item":"https:\/\/www.zeitpolster.com\/ch\/shop\/"},{"@type":"ListItem","position":3,"name":"Impulsbox 8 Leben mit Demenz"}]},{"@type":"WebSite","@id":"https:\/\/www.zeitpolster.com\/ch\/#website","url":"https:\/\/www.zeitpolster.com\/ch\/","name":"Zeitpolster Schweiz","description":"Verein f\u00fcr Zeitvorsorge","publisher":{"@id":"https:\/\/www.zeitpolster.com\/ch\/#organization"},"potentialAction":[{"@type":"SearchAction","target":{"@type":"EntryPoint","urlTemplate":"https:\/\/www.zeitpolster.com\/ch\/?s={search_term_string}"},"query-input":{"@type":"PropertyValueSpecification","valueRequired":true,"valueName":"search_term_string"}}],"inLanguage":"de"},{"@type":"Organization","@id":"https:\/\/www.zeitpolster.com\/ch\/#organization","name":"Zeitpolster Schweiz","url":"https:\/\/www.zeitpolster.com\/ch\/","logo":{"@type":"ImageObject","inLanguage":"de","@id":"https:\/\/www.zeitpolster.com\/ch\/#\/schema\/logo\/image\/","url":"https:\/\/www.zeitpolster.com\/ch\/wp-content\/uploads\/sites\/23\/2019\/10\/logo_green-2.png","contentUrl":"https:\/\/www.zeitpolster.com\/ch\/wp-content\/uploads\/sites\/23\/2019\/10\/logo_green-2.png","width":361,"height":192,"caption":"Zeitpolster Schweiz"},"image":{"@id":"https:\/\/www.zeitpolster.com\/ch\/#\/schema\/logo\/image\/"}}]}},"uagb_featured_image_src":{"full":["https:\/\/www.zeitpolster.com\/ch\/wp-content\/uploads\/sites\/23\/2021\/09\/Deckblatt-Box-8.jpg",2480,1748,false],"thumbnail":["https:\/\/www.zeitpolster.com\/ch\/wp-content\/uploads\/sites\/23\/2021\/09\/Deckblatt-Box-8-150x150.jpg",150,150,true],"medium":["https:\/\/www.zeitpolster.com\/ch\/wp-content\/uploads\/sites\/23\/2021\/09\/Deckblatt-Box-8-300x211.jpg",300,211,true],"medium_large":["https:\/\/www.zeitpolster.com\/ch\/wp-content\/uploads\/sites\/23\/2021\/09\/Deckblatt-Box-8-768x541.jpg",768,541,true],"large":["https:\/\/www.zeitpolster.com\/ch\/wp-content\/uploads\/sites\/23\/2021\/09\/Deckblatt-Box-8-1024x722.jpg",1024,722,true],"1536x1536":["https:\/\/www.zeitpolster.com\/ch\/wp-content\/uploads\/sites\/23\/2021\/09\/Deckblatt-Box-8-1536x1083.jpg",1536,1083,true],"2048x2048":["https:\/\/www.zeitpolster.com\/ch\/wp-content\/uploads\/sites\/23\/2021\/09\/Deckblatt-Box-8-2048x1444.jpg",2048,1444,true],"gb-block-post-grid-landscape":["https:\/\/www.zeitpolster.com\/ch\/wp-content\/uploads\/sites\/23\/2021\/09\/Deckblatt-Box-8-600x400.jpg",600,400,true],"gb-block-post-grid-square":["https:\/\/www.zeitpolster.com\/ch\/wp-content\/uploads\/sites\/23\/2021\/09\/Deckblatt-Box-8-600x600.jpg",600,600,true],"woocommerce_thumbnail":["https:\/\/www.zeitpolster.com\/ch\/wp-content\/uploads\/sites\/23\/2021\/09\/Deckblatt-Box-8-300x211.jpg",300,211,true],"woocommerce_single":["https:\/\/www.zeitpolster.com\/ch\/wp-content\/uploads\/sites\/23\/2021\/09\/Deckblatt-Box-8-600x423.jpg",600,423,true],"woocommerce_gallery_thumbnail":["https:\/\/www.zeitpolster.com\/ch\/wp-content\/uploads\/sites\/23\/2021\/09\/Deckblatt-Box-8-100x100.jpg",100,100,true]},"uagb_author_info":{"display_name":"Gernot Jochum-M\u00fcller","author_link":"https:\/\/www.zeitpolster.com\/ch\/author\/"},"uagb_comment_info":0,"uagb_excerpt":"Impulsbox 8 Leben mit Demenz","_links":{"self":[{"href":"https:\/\/www.zeitpolster.com\/ch\/wp-json\/wp\/v2\/product\/4481","targetHints":{"allow":["GET"]}}],"collection":[{"href":"https:\/\/www.zeitpolster.com\/ch\/wp-json\/wp\/v2\/product"}],"about":[{"href":"https:\/\/www.zeitpolster.com\/ch\/wp-json\/wp\/v2\/types\/product"}],"wp:featuredmedia":[{"embeddable":true,"href":"https:\/\/www.zeitpolster.com\/ch\/wp-json\/wp\/v2\/media\/4482"}],"wp:attachment":[{"href":"https:\/\/www.zeitpolster.com\/ch\/wp-json\/wp\/v2\/media?parent=4481"}],"wp:term":[{"taxonomy":"product_brand","embeddable":true,"href":"https:\/\/www.zeitpolster.com\/ch\/wp-json\/wp\/v2\/product_brand?post=4481"},{"taxonomy":"product_cat","embeddable":true,"href":"https:\/\/www.zeitpolster.com\/ch\/wp-json\/wp\/v2\/product_cat?post=4481"},{"taxonomy":"product_tag","embeddable":true,"href":"https:\/\/www.zeitpolster.com\/ch\/wp-json\/wp\/v2\/product_tag?post=4481"}],"curies":[{"name":"wp","href":"https:\/\/api.w.org\/{rel}","templated":true}]}}